{"id":43,"date":"2014-11-21T10:30:43","date_gmt":"2014-11-21T09:30:43","guid":{"rendered":"http:\/\/www.les3mousquetons.net\/?page_id=43"},"modified":"2021-09-12T10:45:56","modified_gmt":"2021-09-12T09:45:56","slug":"calendrier","status":"publish","type":"page","link":"https:\/\/www.les3mousquetons.net\/?page_id=43","title":{"rendered":"Evenements A venir"},"content":{"rendered":"<h2>F\u00e9v 2026<\/h2><div class=\"qem \"><div class=\"qem-icon\"><div class=\"qem-calendar-medium\" style=\"margin:0 7px 0 0;\"><span class=\"day\" >sam<br>07<\/span><span class=\"nonday\" ><span class=\"month\"><em>F\u00e9v<\/em><\/span><span class=\"year\">2026<\/span><\/span><\/div><\/div><div class=\"qem-medium\"><h2 class=\"qem_title\"><a href=\"https:\/\/www.les3mousquetons.net\/?event=gets-adultes\">GET's Adultes<\/a><\/h2><p class=\"desc\" style=\"font-size: 110%; \" >Comp\u00e9tition Amicale \u00e0 partir de U19 jusqu'\u00e0 V\u00e9t\u00e9rans en \u00e9quipe de 3 ou moins<\/p><p class=\"start\" style=\"font-weight: bold; color: #343838; font-size: 120%; \" >From 17:30 until 23:00<\/p><p class=\"location\" >At Gymnase de Cantelauze<\/p><p class=\"readmore\"><a href=\"https:\/\/www.les3mousquetons.net\/?event=gets-adultes\">Lire la suite ...<\/a><\/p><div style=\"clear:both\"><\/div><\/div><\/div>\r\n<h2>Nov 2025<\/h2><div class=\"qem \"><div class=\"qem-icon\"><div class=\"qem-calendar-medium\" style=\"margin:0 7px 0 0;\"><span class=\"day\" >mer<br>12<\/span><span class=\"nonday\" ><span class=\"month\"><em>Nov<\/em><\/span><span class=\"year\">2025<\/span><\/span><\/div><\/div><div class=\"qem-medium\"><h2 class=\"qem_title\"><a href=\"https:\/\/www.les3mousquetons.net\/?event=ag-les-3-mousquetons\">AG Les 3 Mousquetons<\/a><\/h2><p class=\"readmore\"><a href=\"https:\/\/www.les3mousquetons.net\/?event=ag-les-3-mousquetons\">Lire la suite ...<\/a><\/p><div style=\"clear:both\"><\/div><\/div><\/div>\r\n<h2>Oct 2025<\/h2><div class=\"qem \"><div class=\"qem-icon\"><div class=\"qem-calendar-medium\" style=\"margin:0 7px 0 0;\"><span class=\"day\" >dim<br>12<\/span><span class=\"nonday\" ><span class=\"month\"><em>Oct<\/em><\/span><span class=\"year\">2025<\/span><\/span><\/div><\/div><div class=\"qem-medium\"><h2 class=\"qem_title\"><a href=\"https:\/\/www.les3mousquetons.net\/?event=ouverture-salle-de-bloc-le-dimanche\">Ouverture Salle de Bloc le dimanche<\/a><\/h2><p class=\"start\" style=\"font-weight: bold; color: #343838; font-size: 120%; \" >From 14:00 until 18:00<\/p><p class=\"readmore\"><a href=\"https:\/\/www.les3mousquetons.net\/?event=ouverture-salle-de-bloc-le-dimanche\">Lire la suite ...<\/a><\/p><div style=\"clear:both\"><\/div><\/div><\/div>\r\n<h2>Sep 2025<\/h2><div class=\"qem \"><div class=\"qem-icon\"><div class=\"qem-calendar-medium\" style=\"margin:0 7px 0 0;\"><span class=\"day\" >dim<br>28<\/span><span class=\"nonday\" ><span class=\"month\"><em>Sep<\/em><\/span><span class=\"year\">2025<\/span><\/span><\/div><\/div><div class=\"qem-medium\"><h2 class=\"qem_title\"><a href=\"https:\/\/www.les3mousquetons.net\/?event=sortie-falaise-a-confirmer\">Sortie Falaise<\/a><\/h2><p class=\"desc\" style=\"font-size: 110%; \" >Sortie Falaise \u00e0 la journ\u00e9e<\/p><p class=\"start\" style=\"font-weight: bold; color: #343838; font-size: 120%; \" >From 8:00 until 19:00<\/p><p class=\"readmore\"><a href=\"https:\/\/www.les3mousquetons.net\/?event=sortie-falaise-a-confirmer\">Lire la suite ...<\/a><\/p><div style=\"clear:both\"><\/div><\/div><\/div>\r\n<h2>Juin 2025<\/h2><div class=\"qem adultes\"><div class=\"qem-icon\"><div class=\"qem-calendar-medium\" style=\"margin:0 7px 0 0;\"><span class=\"day\" >sam<br>07<\/span><span class=\"nonday\" ><span class=\"month\"><em>Juin<\/em><\/span><span class=\"year\">2025<\/span><\/span><\/div><\/div><div class=\"qem-medium\"><h2 class=\"qem_title\"><a href=\"https:\/\/www.les3mousquetons.net\/?event=pre-inscriptions-adherents-actuels-annee-2025-2026\">Pr\u00e9-inscriptions adh\u00e9rents actuels - Ann\u00e9e 2025\/2026<\/a><\/h2><p class=\"readmore\"><a href=\"https:\/\/www.les3mousquetons.net\/?event=pre-inscriptions-adherents-actuels-annee-2025-2026\">Lire la suite ...<\/a><\/p><div style=\"clear:both\"><\/div><\/div><\/div>\r\n<h2>Mai 2025<\/h2><div class=\"qem evenements\"><div class=\"qem-icon\"><div class=\"qem-calendar-medium\" style=\"margin:0 7px 0 0;\"><span class=\"day\" >sam<br>17<\/span><span class=\"nonday\" ><span class=\"month\"><em>Mai<\/em><\/span><span class=\"year\">2025<\/span><\/span><\/div><\/div><div class=\"qem-medium\"><h2 class=\"qem_title\"><a href=\"https:\/\/www.les3mousquetons.net\/?event=sortie-falaise-10\">Sortie Falaise<\/a><\/h2><p class=\"desc\" style=\"font-size: 110%; \" >Sortie Falaise \u00e0 la journ\u00e9e<\/p><p class=\"readmore\"><a href=\"https:\/\/www.les3mousquetons.net\/?event=sortie-falaise-10\">Lire la suite ...<\/a><\/p><div style=\"clear:both\"><\/div><\/div><\/div>\r\n<h2>Avr 2025<\/h2><div class=\"qem evenements\"><div class=\"qem-icon\"><div class=\"qem-calendar-medium\" style=\"margin:0 7px 0 0;\"><span class=\"day\" >lun<br>21<\/span><span class=\"nonday\" ><span class=\"month\"><em>Avr<\/em><\/span><span class=\"year\">2025<\/span><\/span><\/div><\/div><div class=\"qem-medium\"><h2 class=\"qem_title\"><a href=\"https:\/\/www.les3mousquetons.net\/?event=sortie-falaise-9\">Sortie Falaise<\/a><\/h2><p class=\"desc\" style=\"font-size: 110%; \" >Sortie Falaise \u00e0 la journ\u00e9e<\/p><p class=\"readmore\"><a href=\"https:\/\/www.les3mousquetons.net\/?event=sortie-falaise-9\">Lire la suite ...<\/a><\/p><div style=\"clear:both\"><\/div><\/div><\/div>\r\n<h2>Sep 2024<\/h2><div class=\"qem evenements\"><div class=\"qem-icon\"><div class=\"qem-calendar-medium\" style=\"margin:0 7px 0 0;\"><span class=\"day\" >dim<br>22<\/span><span class=\"nonday\" ><span class=\"month\"><em>Sep<\/em><\/span><span class=\"year\">2024<\/span><\/span><\/div><\/div><div class=\"qem-medium\"><h2 class=\"qem_title\"><a href=\"https:\/\/www.les3mousquetons.net\/?event=ouverture-de-la-nouvelle-salle-de-bloc\">Ouverture de la nouvelle salle de bloc!!!<\/a><\/h2><p class=\"desc\" style=\"font-size: 110%; \" >La date reste \u00e0 caler mais ne manquer pas ce gros event !!!! D'ici l\u00e0, aidez nous \u00e0 finaliser le projet!!<\/p><p class=\"readmore\"><a href=\"https:\/\/www.les3mousquetons.net\/?event=ouverture-de-la-nouvelle-salle-de-bloc\">Lire la suite ...<\/a><\/p><div style=\"clear:both\"><\/div><\/div><\/div>\r\n<h2>Juin 2024<\/h2><div class=\"qem competition\"><div class=\"qem-icon\"><div class=\"qem-calendar-medium\" style=\"margin:0 7px 0 0;\"><span class=\"day\" >dim<br>02<\/span><span class=\"nonday\" ><span class=\"month\"><em>Juin<\/em><\/span><span class=\"year\">2024<\/span><\/span><\/div><\/div><div class=\"qem-medium\"><h2 class=\"qem_title\"><a href=\"https:\/\/www.les3mousquetons.net\/?event=get-2024-a-fonsorbes\">GET 2024 \u00e0 FONSORBES<\/a><\/h2><p class=\"desc\" style=\"font-size: 110%; \" >Nouvelle \u00e9dition du GET \u00e0 Fonsorbes! - inscriptions \u00e0 partir du 02 mai sur https:\/\/mycompet.ffme.fr\/app<\/p><p class=\"location\" >At Gymnase du Lyc\u00e9e Cl\u00e9mence Royer<\/p><p class=\"readmore\"><a href=\"https:\/\/www.les3mousquetons.net\/?event=get-2024-a-fonsorbes\">Lire la suite ...<\/a><\/p><div style=\"clear:both\"><\/div><\/div><\/div>\r\n<h2>Oct 2021<\/h2><div class=\"qem \"><div class=\"qem-icon\"><div class=\"qem-calendar-medium\" style=\"margin:0 7px 0 0;\"><span class=\"day\" >dim<br>17<\/span><span class=\"nonday\" ><span class=\"month\"><em>Oct<\/em><\/span><span class=\"year\">2021<\/span><\/span><\/div><\/div><div class=\"qem-medium\"><h2 class=\"qem_title\"><a href=\"https:\/\/www.les3mousquetons.net\/?event=sortie-bloc-a-laramade\">Sortie Bloc \u00e0 Laramade<\/a><\/h2><p class=\"readmore\"><a href=\"https:\/\/www.les3mousquetons.net\/?event=sortie-bloc-a-laramade\">Lire la suite ...<\/a><\/p><div style=\"clear:both\"><\/div><\/div><\/div>\r\n<h2>Sep 2021<\/h2><div class=\"qem non-classe\"><div class=\"qem-icon\"><div class=\"qem-calendar-medium\" style=\"margin:0 7px 0 0;\"><span class=\"day\" >dim<br>05<\/span><span class=\"nonday\" ><span class=\"month\"><em>Sep<\/em><\/span><span class=\"year\">2021<\/span><\/span><\/div><\/div><div class=\"qem-medium\"><h2 class=\"qem_title\"><a href=\"https:\/\/www.les3mousquetons.net\/?event=forum-association\">Forum Association<\/a><\/h2><p class=\"desc\" style=\"font-size: 110%; \" >Pr\u00e9sentation de notre association et collecte des dossiers d'inscriptions<\/p><p class=\"start\" style=\"font-weight: bold; color: #343838; font-size: 120%; \" >From 09:00 until 12:00<\/p><p class=\"location\" >At Salle du Tr\u00e9pad\u00e9<\/p><p class=\"readmore\"><a href=\"https:\/\/www.les3mousquetons.net\/?event=forum-association\">Lire la suite ...<\/a><\/p><div style=\"clear:both\"><\/div><\/div><\/div>\r\n<div class=\"qem non-classe\"><div class=\"qem-icon\"><div class=\"qem-calendar-medium\" style=\"margin:0 7px 0 0;\"><span class=\"day\" >sam<br>04<\/span><span class=\"nonday\" ><span class=\"month\"><em>Sep<\/em><\/span><span class=\"year\">2021<\/span><\/span><\/div><\/div><div class=\"qem-medium\"><h2 class=\"qem_title\"><a href=\"https:\/\/www.les3mousquetons.net\/?event=journee-tous-en-sport\">Journ\u00e9e Tous en Sport<\/a><\/h2><p class=\"desc\" style=\"font-size: 110%; \" >Portes ouvertes organis\u00e9es par la mairie de Fonsorbes - Stand escalade le matin D\u00e9couverte et Inscriptions<\/p><p class=\"start\" style=\"font-weight: bold; color: #343838; font-size: 120%; \" >From 09:00 until 12:00<\/p><p class=\"location\" >At Gymnase Lyc\u00e9e Cl\u00e9mence Royer (Fonsorbes)<\/p><p class=\"readmore\"><a href=\"https:\/\/www.les3mousquetons.net\/?event=journee-tous-en-sport\">Lire la suite ...<\/a><\/p><div style=\"clear:both\"><\/div><\/div><\/div>\r\n<div class=\"qem non-classe\"><div class=\"qem-icon\"><div class=\"qem-calendar-medium\" style=\"margin:0 7px 0 0;\"><span class=\"day\" >mer<br>01<\/span><span class=\"nonday\" ><span class=\"month\"><em>Sep<\/em><\/span><span class=\"year\">2021<\/span><\/span><\/div><\/div><div class=\"qem-medium\"><h2 class=\"qem_title\"><a href=\"https:\/\/www.les3mousquetons.net\/?event=depot-dossiers-2\">D\u00e9p\u00f4t Dossiers<\/a><\/h2><p class=\"desc\" style=\"font-size: 110%; \" >D\u00e9p\u00f4t dossiers inscription<\/p><p class=\"start\" style=\"font-weight: bold; color: #343838; font-size: 120%; \" >From 17:00 until 19:00<\/p><p class=\"location\" >At Salle du Banayre<\/p><p class=\"readmore\"><a href=\"https:\/\/www.les3mousquetons.net\/?event=depot-dossiers-2\">Lire la suite ...<\/a><\/p><div style=\"clear:both\"><\/div><\/div><\/div>\r\n<h2>Ao\u00fbt 2021<\/h2><div class=\"qem non-classe\"><div class=\"qem-icon\"><div class=\"qem-calendar-medium\" style=\"margin:0 7px 0 0;\"><span class=\"day\" >mer<br>25<\/span><span class=\"nonday\" ><span class=\"month\"><em>Ao\u00fbt<\/em><\/span><span class=\"year\">2021<\/span><\/span><\/div><\/div><div class=\"qem-medium\"><h2 class=\"qem_title\"><a href=\"https:\/\/www.les3mousquetons.net\/?event=depot-dossiers\">D\u00e9p\u00f4t Dossiers<\/a><\/h2><p class=\"desc\" style=\"font-size: 110%; \" >D\u00e9p\u00f4t dossiers inscription<\/p><p class=\"start\" style=\"font-weight: bold; color: #343838; font-size: 120%; \" >From 17:00 until 19:00<\/p><p class=\"location\" >At Salle du Banayre<\/p><p class=\"readmore\"><a href=\"https:\/\/www.les3mousquetons.net\/?event=depot-dossiers\">Lire la suite ...<\/a><\/p><div style=\"clear:both\"><\/div><\/div><\/div>\r\n<h2>Juil 2021<\/h2><div class=\"qem non-classe\"><div class=\"qem-icon\"><div class=\"qem-calendar-medium\" style=\"margin:0 7px 0 0;\"><span class=\"day\" >dim<br>04<\/span><span class=\"nonday\" ><span class=\"month\"><em>Juil<\/em><\/span><span class=\"year\">2021<\/span><\/span><\/div><\/div><div class=\"qem-medium\"><h2 class=\"qem_title\"><a href=\"https:\/\/www.les3mousquetons.net\/?event=sortie-falaise-7\">Sortie Falaise<\/a><\/h2><p class=\"desc\" style=\"font-size: 110%; \" >Voir mail pour d\u00e9tails et inscriptions<\/p><p class=\"readmore\"><a href=\"https:\/\/www.les3mousquetons.net\/?event=sortie-falaise-7\">Lire la suite ...<\/a><\/p><div style=\"clear:both\"><\/div><\/div><\/div>\r\n<div class=\"qem non-classe\"><div class=\"qem-icon\"><div class=\"qem-calendar-medium\" style=\"margin:0 7px 0 0;\"><span class=\"day\" >sam<br>03<\/span><span class=\"nonday\" ><span class=\"month\"><em>Juil<\/em><\/span><span class=\"year\">2021<\/span><\/span><\/div><\/div><div class=\"qem-medium\"><h2 class=\"qem_title\"><a href=\"https:\/\/www.les3mousquetons.net\/?event=4150\">Portes ouvertes<\/a><\/h2><p class=\"desc\" style=\"font-size: 110%; \" >Journ\u00e9e portes ouvertes - d\u00e9but nouvelles inscriptions 2021\/2022<\/p><p class=\"location\" >At Gymnase Lyc\u00e9e Cl\u00e9mence Royer (Fonsorbes)<\/p><p class=\"readmore\"><a href=\"https:\/\/www.les3mousquetons.net\/?event=4150\">Lire la suite ...<\/a><\/p><div style=\"clear:both\"><\/div><\/div><\/div>\r\n<div class=\"qem non-classe\"><div class=\"qem-icon\"><div class=\"qem-calendar-medium\" style=\"margin:0 7px 0 0;\"><span class=\"day\" >sam<br>03<\/span><span class=\"nonday\" ><span class=\"month\"><em>Juil<\/em><\/span><span class=\"year\">2021<\/span><\/span><\/div><\/div><div class=\"qem-medium\"><h2 class=\"qem_title\"><a href=\"https:\/\/www.les3mousquetons.net\/?event=fin-saison-2021\">Fin Saison 2021<\/a><\/h2><p class=\"desc\" style=\"font-size: 110%; \" >Dernier jour des cours pour la saison 2021 !<\/p><p class=\"readmore\"><a href=\"https:\/\/www.les3mousquetons.net\/?event=fin-saison-2021\">Lire la suite ...<\/a><\/p><div style=\"clear:both\"><\/div><\/div><\/div>\r\n<h2>Juin 2021<\/h2><div class=\"qem non-classe\"><div class=\"qem-icon\"><div class=\"qem-calendar-medium\" style=\"margin:0 7px 0 0;\"><span class=\"day\" >dim<br>27<\/span><span class=\"nonday\" ><span class=\"month\"><em>Juin<\/em><\/span><span class=\"year\">2021<\/span><\/span><\/div><\/div><div class=\"qem-medium\"><h2 class=\"qem_title\"><a href=\"https:\/\/www.les3mousquetons.net\/?event=sortie-falaise-6\">Sortie Falaise<\/a><\/h2><p class=\"desc\" style=\"font-size: 110%; \" >Voir mail pour d\u00e9tails et inscription<\/p><p class=\"location\" >At \u00e0 d\u00e9finir<\/p><p class=\"readmore\"><a href=\"https:\/\/www.les3mousquetons.net\/?event=sortie-falaise-6\">Lire la suite ...<\/a><\/p><div style=\"clear:both\"><\/div><\/div><\/div>\r\n<div class=\"qem non-classe\"><div class=\"qem-icon\"><div class=\"qem-calendar-medium\" style=\"margin:0 7px 0 0;\"><span class=\"day\" >mer<br>23<\/span><span class=\"nonday\" ><span class=\"month\"><em>Juin<\/em><\/span><span class=\"year\">2021<\/span><\/span><\/div><\/div><div class=\"qem-medium\"><h2 class=\"qem_title\"><a href=\"https:\/\/www.les3mousquetons.net\/?event=ag-2021\">AG 2021<\/a><\/h2><p class=\"desc\" style=\"font-size: 110%; \" >Assembl\u00e9e G\u00e9n\u00e9rale Ordinaire 2021<\/p><p class=\"start\" style=\"font-weight: bold; color: #343838; font-size: 120%; \" >From 19:00<\/p><p class=\"location\" >At Salle des expos, Place du Tr\u00e9pad\u00e9, FONSORBES<\/p><p class=\"readmore\"><a href=\"https:\/\/www.les3mousquetons.net\/?event=ag-2021\">Lire la suite ...<\/a><\/p><div style=\"clear:both\"><\/div><\/div><\/div>\r\n<div class=\"qem non-classe\"><div class=\"qem-icon\"><div class=\"qem-calendar-medium\" style=\"margin:0 7px 0 0;\"><span class=\"day\" >dim<br>13<\/span><span class=\"nonday\" ><span class=\"month\"><em>Juin<\/em><\/span><span class=\"year\">2021<\/span><\/span><\/div><\/div><div class=\"qem-medium\"><h2 class=\"qem_title\"><a href=\"https:\/\/www.les3mousquetons.net\/?event=sortie-falaise-8\">Sortie Falaise<\/a><\/h2><p class=\"readmore\"><a href=\"https:\/\/www.les3mousquetons.net\/?event=sortie-falaise-8\">Lire la suite ...<\/a><\/p><div style=\"clear:both\"><\/div><\/div><\/div>\r\n<h2>F\u00e9v 2020<\/h2><div class=\"qem non-classe\"><div class=\"qem-icon\"><div class=\"qem-calendar-medium\" style=\"margin:0 7px 0 0;\"><span class=\"day\" >sam<br>29<\/span><span class=\"nonday\" ><span class=\"month\"><em>F\u00e9v<\/em><\/span><span class=\"year\">2020<\/span><\/span><\/div><\/div><div class=\"qem-medium\"><h2 class=\"qem_title\"><a href=\"https:\/\/www.les3mousquetons.net\/?event=open-de-fonsorbes-les-3m\">Open de Fonsorbes - Les 3M<\/a><\/h2><p class=\"desc\" style=\"font-size: 110%; \" >Comp\u00e9tition organis\u00e9e par le club - Open<\/p><p class=\"readmore\"><a href=\"https:\/\/www.les3mousquetons.net\/?event=open-de-fonsorbes-les-3m\">Lire la suite ...<\/a><\/p><div style=\"clear:both\"><\/div><\/div><\/div>\r\n<h2>D\u00e9c 2019<\/h2><div class=\"qem non-classe\"><div class=\"qem-icon\"><div class=\"qem-calendar-medium\" style=\"margin:0 7px 0 0;\"><span class=\"day\" >jeu<br>19<\/span><span class=\"nonday\" ><span class=\"month\"><em>D\u00e9c<\/em><\/span><span class=\"year\">2019<\/span><\/span><\/div><\/div><div class=\"qem-medium\"><h2 class=\"qem_title\"><a href=\"https:\/\/www.les3mousquetons.net\/?event=reunion-bureau-decembre-19\">R\u00e9union Bureau - D\u00e9cembre 19<\/a><\/h2><p class=\"desc\" style=\"font-size: 110%; \" >R\u00e9union Bureau #3 - D\u00e9cembre 19<\/p><p class=\"start\" style=\"font-weight: bold; color: #343838; font-size: 120%; \" >From 20:30 until 22:30<\/p><p class=\"readmore\"><a href=\"https:\/\/www.les3mousquetons.net\/?event=reunion-bureau-decembre-19\">Lire la suite ...<\/a><\/p><div style=\"clear:both\"><\/div><\/div><\/div>\r\n<div class=\"qem non-classe\"><div class=\"qem-icon\"><div class=\"qem-calendar-medium\" style=\"margin:0 7px 0 0;\"><span class=\"day\" >jeu<br>19<\/span><span class=\"nonday\" ><span class=\"month\"><em>D\u00e9c<\/em><\/span><span class=\"year\">2019<\/span><\/span><\/div><\/div><div class=\"qem-medium\"><h2 class=\"qem_title\"><a href=\"https:\/\/www.les3mousquetons.net\/?event=intervention-eric-groupe-adulte-2\">Eric - Groupe Adulte<\/a><\/h2><p class=\"desc\" style=\"font-size: 110%; \" >Intervention Eric - Groupe adulte<\/p><p class=\"start\" style=\"font-weight: bold; color: #343838; font-size: 120%; \" >From 20:30 until 22:30<\/p><p class=\"readmore\"><a href=\"https:\/\/www.les3mousquetons.net\/?event=intervention-eric-groupe-adulte-2\">Lire la suite ...<\/a><\/p><div style=\"clear:both\"><\/div><\/div><\/div>\r\n<div class=\"qem non-classe\"><div class=\"qem-icon\"><div class=\"qem-calendar-medium\" style=\"margin:0 7px 0 0;\"><span class=\"day\" >mer<br>18<\/span><span class=\"nonday\" ><span class=\"month\"><em>D\u00e9c<\/em><\/span><span class=\"year\">2019<\/span><\/span><\/div><\/div><div class=\"qem-medium\"><h2 class=\"qem_title\"><a href=\"https:\/\/www.les3mousquetons.net\/?event=intervention-eric-groupe-adulte-2-2\">Eric - Ouverture de voies<\/a><\/h2><p class=\"desc\" style=\"font-size: 110%; \" >Intervention Eric - Groupe adulte<\/p><p class=\"start\" style=\"font-weight: bold; color: #343838; font-size: 120%; \" >From 20:30 until 22:30<\/p><p class=\"readmore\"><a href=\"https:\/\/www.les3mousquetons.net\/?event=intervention-eric-groupe-adulte-2-2\">Lire la suite ...<\/a><\/p><div style=\"clear:both\"><\/div><\/div><\/div>\r\n<div class=\"qem non-classe\"><div class=\"qem-icon\"><div class=\"qem-calendar-medium\" style=\"margin:0 7px 0 0;\"><span class=\"day\" >mar<br>17<\/span><span class=\"nonday\" ><span class=\"month\"><em>D\u00e9c<\/em><\/span><span class=\"year\">2019<\/span><\/span><\/div><\/div><div class=\"qem-medium\"><h2 class=\"qem_title\"><a href=\"https:\/\/www.les3mousquetons.net\/?event=intervention-eric-groupe-adulte\">Eric - Groupe Adulte<\/a><\/h2><p class=\"desc\" style=\"font-size: 110%; \" >Intervention Eric - Groupe adulte<\/p><p class=\"start\" style=\"font-weight: bold; color: #343838; font-size: 120%; \" >From 20:30 until 22:30<\/p><p class=\"readmore\"><a href=\"https:\/\/www.les3mousquetons.net\/?event=intervention-eric-groupe-adulte\">Lire la suite ...<\/a><\/p><div style=\"clear:both\"><\/div><\/div><\/div>\r\n<div class=\"qem non-classe\"><div class=\"qem-icon\"><div class=\"qem-calendar-medium\" style=\"margin:0 7px 0 0;\"><span class=\"day\" >sam<br>14<\/span><span class=\"nonday\" ><span class=\"month\"><em>D\u00e9c<\/em><\/span><span class=\"year\">2019<\/span><\/span><\/div><\/div><div class=\"qem-medium\"><h2 class=\"qem_title\"><a href=\"https:\/\/www.les3mousquetons.net\/?event=soiree-noel-groupe-adulte\">Soir\u00e9e No\u00ebl groupe adulte<\/a><\/h2><p class=\"desc\" style=\"font-size: 110%; \" >Soir\u00e9e No\u00ebl groupe adulte<\/p><p class=\"start\" style=\"font-weight: bold; color: #343838; font-size: 120%; \" >From 16:00 until 20:00<\/p><p class=\"location\" >At Gymnase du Lyc\u00e9e<\/p><p class=\"readmore\"><a href=\"https:\/\/www.les3mousquetons.net\/?event=soiree-noel-groupe-adulte\">Lire la suite ...<\/a><\/p><div style=\"clear:both\"><\/div><\/div><\/div>\r\n<h2>Juin 2019<\/h2><div class=\"qem non-classe\"><div class=\"qem-icon\"><div class=\"qem-calendar-medium\" style=\"margin:0 7px 0 0;\"><span class=\"day\" >dim<br>30<\/span><span class=\"nonday\" ><span class=\"month\"><em>Juin<\/em><\/span><span class=\"year\">2019<\/span><\/span><\/div><\/div><div class=\"qem-medium\"><h2 class=\"qem_title\"><a href=\"https:\/\/www.les3mousquetons.net\/?event=journee-portes-ouvertes-2-2\">AG 2018-2019<\/a><\/h2><p class=\"start\" style=\"font-weight: bold; color: #343838; font-size: 120%; \" >From 17:30 until 18:30<\/p><p class=\"location\" >At A confirmer<\/p><p class=\"readmore\"><a href=\"https:\/\/www.les3mousquetons.net\/?event=journee-portes-ouvertes-2-2\">Lire la suite ...<\/a><\/p><div style=\"clear:both\"><\/div><\/div><\/div>\r\n<div class=\"qem non-classe\"><div class=\"qem-icon\"><div class=\"qem-calendar-medium\" style=\"margin:0 7px 0 0;\"><span class=\"day\" >dim<br>30<\/span><span class=\"nonday\" ><span class=\"month\"><em>Juin<\/em><\/span><span class=\"year\">2019<\/span><\/span><\/div><\/div><div class=\"qem-medium\"><h2 class=\"qem_title\"><a href=\"https:\/\/www.les3mousquetons.net\/?event=journee-portes-ouvertes-2-2-2\">Challenge Familles<\/a><\/h2><p class=\"start\" style=\"font-weight: bold; color: #343838; font-size: 120%; \" >From 13:30 until 17h30<\/p><p class=\"location\" >At A confirmer<\/p><p class=\"readmore\"><a href=\"https:\/\/www.les3mousquetons.net\/?event=journee-portes-ouvertes-2-2-2\">Lire la suite ...<\/a><\/p><div style=\"clear:both\"><\/div><\/div><\/div>\r\n<div class=\"qem non-classe\"><div class=\"qem-icon\"><div class=\"qem-calendar-medium\" style=\"margin:0 7px 0 0;\"><span class=\"day\" >dim<br>30<\/span><span class=\"nonday\" ><span class=\"month\"><em>Juin<\/em><\/span><span class=\"year\">2019<\/span><\/span><\/div><\/div><div class=\"qem-medium\"><h2 class=\"qem_title\"><a href=\"https:\/\/www.les3mousquetons.net\/?event=journee-portes-ouvertes-2\">Journ\u00e9e portes Ouvertes<\/a><\/h2><p class=\"start\" style=\"font-weight: bold; color: #343838; font-size: 120%; \" >From 09:00 until 12:00<\/p><p class=\"location\" >At A confirmer<\/p><p class=\"readmore\"><a href=\"https:\/\/www.les3mousquetons.net\/?event=journee-portes-ouvertes-2\">Lire la suite ...<\/a><\/p><div style=\"clear:both\"><\/div><\/div><\/div>\r\n<div class=\"qem non-classe\"><div class=\"qem-icon\"><div class=\"qem-calendar-medium\" style=\"margin:0 7px 0 0;\"><span class=\"day\" >sam<br>01<\/span><span class=\"nonday\" ><span class=\"month\"><em>Juin<\/em><\/span><span class=\"year\">2019<\/span><\/span><\/div><\/div><div class=\"qem-medium\"><h2 class=\"qem_title\"><a href=\"https:\/\/www.les3mousquetons.net\/?event=sortie-falaise-enfants-2-2-2\">Sortie Falaise Adultes<\/a><\/h2><p class=\"start\" style=\"font-weight: bold; color: #343838; font-size: 120%; \" >From 08:00 until 18:00<\/p><p class=\"readmore\"><a href=\"https:\/\/www.les3mousquetons.net\/?event=sortie-falaise-enfants-2-2-2\">Lire la suite ...<\/a><\/p><div style=\"clear:both\"><\/div><\/div><\/div>\r\n<h2>Mai 2019<\/h2><div class=\"qem non-classe\"><div class=\"qem-icon\"><div class=\"qem-calendar-medium\" style=\"margin:0 7px 0 0;\"><span class=\"day\" >sam<br>25<\/span><span class=\"nonday\" ><span class=\"month\"><em>Mai<\/em><\/span><span class=\"year\">2019<\/span><\/span><\/div><\/div><div class=\"qem-medium\"><h2 class=\"qem_title\"><a href=\"https:\/\/www.les3mousquetons.net\/?event=sortie-falaise-enfants-2\">Sortie Falaise Enfants<\/a><\/h2><p class=\"start\" style=\"font-weight: bold; color: #343838; font-size: 120%; \" >From 08:00 until 18:00<\/p><p class=\"readmore\"><a href=\"https:\/\/www.les3mousquetons.net\/?event=sortie-falaise-enfants-2\">Lire la suite ...<\/a><\/p><div style=\"clear:both\"><\/div><\/div><\/div>\r\n<div class=\"qem non-classe\"><div class=\"qem-icon\"><div class=\"qem-calendar-medium\" style=\"margin:0 7px 0 0;\"><span class=\"day\" >sam<br>25<\/span><span class=\"nonday\" ><span class=\"month\"><em>Mai<\/em><\/span><span class=\"year\">2019<\/span><\/span><\/div><\/div><div class=\"qem-medium\"><h2 class=\"qem_title\"><a href=\"https:\/\/www.les3mousquetons.net\/?event=get-saint-mamet-3\">Get Saint Mamet<\/a><\/h2><p class=\"readmore\"><a href=\"https:\/\/www.les3mousquetons.net\/?event=get-saint-mamet-3\">Lire la suite ...<\/a><\/p><div style=\"clear:both\"><\/div><\/div><\/div>\r\n<div class=\"qem \"><div class=\"qem-icon\"><div class=\"qem-calendar-medium\" style=\"margin:0 7px 0 0;\"><span class=\"day\" >sam<br>18<\/span><span class=\"nonday\" ><span class=\"month\"><em>Mai<\/em><\/span><span class=\"year\">2019<\/span><\/span><\/div><\/div><div class=\"qem-medium\"><h2 class=\"qem_title\"><a href=\"https:\/\/www.les3mousquetons.net\/?event=soiree-remerciement-benevoles-les-3m\">Soir\u00e9e remerciement b\u00e9n\u00e9voles Les 3M<\/a><\/h2><p class=\"start\" style=\"font-weight: bold; color: #343838; font-size: 120%; \" >From 15:00 until 22:30<\/p><p class=\"location\" >At La \u00f4, Portet<\/p><p class=\"readmore\"><a href=\"https:\/\/www.les3mousquetons.net\/?event=soiree-remerciement-benevoles-les-3m\">Lire la suite ...<\/a><\/p><div style=\"clear:both\"><\/div><\/div><\/div>\r\n<div class=\"qem non-classe\"><div class=\"qem-icon\"><div class=\"qem-calendar-medium\" style=\"margin:0 7px 0 0;\"><span class=\"day\" >dim<br>12<\/span><span class=\"nonday\" ><span class=\"month\"><em>Mai<\/em><\/span><span class=\"year\">2019<\/span><\/span><\/div><\/div><div class=\"qem-medium\"><h2 class=\"qem_title\"><a href=\"https:\/\/www.les3mousquetons.net\/?event=sortie-falaise-enfants\">Sortie Falaise Enfants<\/a><\/h2><p class=\"start\" style=\"font-weight: bold; color: #343838; font-size: 120%; \" >From 08:00 until 18:00<\/p><p class=\"readmore\"><a href=\"https:\/\/www.les3mousquetons.net\/?event=sortie-falaise-enfants\">Lire la suite ...<\/a><\/p><div style=\"clear:both\"><\/div><\/div><\/div>\r\n<div class=\"qem non-classe\"><div class=\"qem-icon\"><div class=\"qem-calendar-medium\" style=\"margin:0 7px 0 0;\"><span class=\"day\" >sam<br>04<\/span><span class=\"nonday\" ><span class=\"month\"><em>Mai<\/em><\/span><span class=\"year\">2019<\/span><\/span><\/div><\/div><div class=\"qem-medium\"><h2 class=\"qem_title\"><a href=\"https:\/\/www.les3mousquetons.net\/?event=sortie-falaise-enfants-2-2\">Sortie Falaise Adultes<\/a><\/h2><p class=\"start\" style=\"font-weight: bold; color: #343838; font-size: 120%; \" >From 08:00 until 18:00<\/p><p class=\"readmore\"><a href=\"https:\/\/www.les3mousquetons.net\/?event=sortie-falaise-enfants-2-2\">Lire la suite ...<\/a><\/p><div style=\"clear:both\"><\/div><\/div><\/div>\r\n<h2>F\u00e9v 2019<\/h2><div class=\"qem \"><div class=\"qem-icon\"><div class=\"qem-calendar-medium\" style=\"margin:0 7px 0 0;\"><span class=\"day\" >sam<br>16<\/span><span class=\"nonday\" ><span class=\"month\"><em>F\u00e9v<\/em><\/span><span class=\"year\">2019<\/span><\/span><\/div><\/div><div class=\"qem-medium\"><h2 class=\"qem_title\"><a href=\"https:\/\/www.les3mousquetons.net\/?event=competition-organisee-3-mousquetons\">Comp\u00e9tition organis\u00e9e par les 3 Mousquetons<\/a><\/h2><p class=\"desc\" style=\"font-size: 110%; \" >Comp\u00e9tition organis\u00e9e par les 3 Mousquetons (date provisoire)<\/p><p class=\"location\" >At Gymnase Cl\u00e9mence Royer, Fonsorbes<\/p><p class=\"readmore\"><a href=\"https:\/\/www.les3mousquetons.net\/?event=competition-organisee-3-mousquetons\">Lire la suite ...<\/a><\/p><div style=\"clear:both\"><\/div><\/div><\/div>\r\n<h2>Nov 2018<\/h2><div class=\"qem non-classe\"><div class=\"qem-icon\"><div class=\"qem-calendar-medium\" style=\"margin:0 7px 0 0;\"><span class=\"day\" >sam<br>03<\/span><span class=\"nonday\" ><span class=\"month\"><em>Nov<\/em><\/span><span class=\"year\">2018<\/span><\/span><\/div><\/div><div class=\"qem-medium\"><h2 class=\"qem_title\"><a href=\"https:\/\/www.les3mousquetons.net\/?event=3525\">Sortie Falaise le 03 ou 04 Novembre<\/a><\/h2><p class=\"desc\" style=\"font-size: 110%; \" >Sortie falaise 03 ou 04 Novembre<\/p><p class=\"start\" style=\"font-weight: bold; color: #343838; font-size: 120%; \" >From 09h until 18h<\/p><p class=\"location\" >At Selon m\u00e9t\u00e9o<\/p><p class=\"readmore\"><a href=\"https:\/\/www.les3mousquetons.net\/?event=3525\">Lire la suite ...<\/a><\/p><div style=\"clear:both\"><\/div><\/div><\/div>\r\n<h2>Oct 2018<\/h2><div class=\"qem non-classe\"><div class=\"qem-icon\"><div class=\"qem-calendar-medium\" style=\"margin:0 7px 0 0;\"><span class=\"day\" >ven<br>12<\/span><span class=\"nonday\" ><span class=\"month\"><em>Oct<\/em><\/span><span class=\"year\">2018<\/span><\/span><\/div><\/div><div class=\"qem-medium\"><h2 class=\"qem_title\"><a href=\"https:\/\/www.les3mousquetons.net\/?event=choc-ffme\">Choc FFME<\/a><\/h2><p class=\"desc\" style=\"font-size: 110%; \" >Choc FFME<\/p><p class=\"location\" >At parc Pyr\u00e9n\u00e9es H\u00f4<\/p><p class=\"readmore\"><a href=\"https:\/\/www.les3mousquetons.net\/?event=choc-ffme\">Lire la suite ...<\/a><\/p><div style=\"clear:both\"><\/div><\/div><\/div>\r\n<h2>Sep 2018<\/h2><div class=\"qem \"><div class=\"qem-icon\"><div class=\"qem-calendar-medium\" style=\"margin:0 7px 0 0;\"><span class=\"day\" >lun<br>17<\/span><span class=\"nonday\" ><span class=\"month\"><em>Sep<\/em><\/span><span class=\"year\">2018<\/span><\/span><\/div><\/div><div class=\"qem-medium\"><h2 class=\"qem_title\"><a href=\"https:\/\/www.les3mousquetons.net\/?event=demarrage-saison-2018-2019\">D\u00e9marrage Saison 2018-2019<\/a><\/h2><p class=\"desc\" style=\"font-size: 110%; \" >D\u00e9marrage Saison 2018-2019<\/p><p class=\"readmore\"><a href=\"https:\/\/www.les3mousquetons.net\/?event=demarrage-saison-2018-2019\">Lire la suite ...<\/a><\/p><div style=\"clear:both\"><\/div><\/div><\/div>\r\n<div class=\"qem \"><div class=\"qem-icon\"><div class=\"qem-calendar-medium\" style=\"margin:0 7px 0 0;\"><span class=\"day\" >dim<br>09<\/span><span class=\"nonday\" ><span class=\"month\"><em>Sep<\/em><\/span><span class=\"year\">2018<\/span><\/span><\/div><\/div><div class=\"qem-medium\"><h2 class=\"qem_title\"><a href=\"https:\/\/www.les3mousquetons.net\/?event=forum-des-asso\">Forum des Asso<\/a><\/h2><p class=\"desc\" style=\"font-size: 110%; \" >Inscription lors du Forum des Associations<\/p><p class=\"start\" style=\"font-weight: bold; color: #343838; font-size: 120%; \" >From 09:30 until 14:00<\/p><p class=\"location\" >At Salle du Tr\u00e9pad\u00e9, Fonsorbes<\/p><p class=\"readmore\"><a href=\"https:\/\/www.les3mousquetons.net\/?event=forum-des-asso\">Lire la suite ...<\/a><\/p><div style=\"clear:both\"><\/div><\/div><\/div>\r\n<div class=\"qem \"><div class=\"qem-icon\"><div class=\"qem-calendar-medium\" style=\"margin:0 7px 0 0;\"><span class=\"day\" >sam<br>08<\/span><span class=\"nonday\" ><span class=\"month\"><em>Sep<\/em><\/span><span class=\"year\">2018<\/span><\/span><\/div><\/div><div class=\"qem-medium\"><h2 class=\"qem_title\"><a href=\"https:\/\/www.les3mousquetons.net\/?event=tous-en-sport\">Tous en Sport<\/a><\/h2><p class=\"desc\" style=\"font-size: 110%; \" >D\u00e9couverte de l'escalade lors de la manifestation \"tous en sport\" organis\u00e9 par le service sport de la mairie.<\/p><p class=\"start\" style=\"font-weight: bold; color: #343838; font-size: 120%; \" >From 09:30 until 13:00<\/p><p class=\"location\" >At Gymnase Cl\u00e9mence Royer, Fonsorbes<\/p><p class=\"readmore\"><a href=\"https:\/\/www.les3mousquetons.net\/?event=tous-en-sport\">Lire la suite ...<\/a><\/p><div style=\"clear:both\"><\/div><\/div><\/div>\r\n<h2>Juin 2018<\/h2><div class=\"qem non-classe\"><div class=\"qem-icon\"><div class=\"qem-calendar-medium\" style=\"margin:0 7px 0 0;\"><span class=\"day\" >dim<br>24<\/span><span class=\"nonday\" ><span class=\"month\"><em>Juin<\/em><\/span><span class=\"year\">2018<\/span><\/span><\/div><\/div><div class=\"qem-medium\"><h2 class=\"qem_title\"><a href=\"https:\/\/www.les3mousquetons.net\/?event=6ieme-derniere-etape-get-a-plaisance-touch\">6i\u00e8me et derni\u00e8re \u00e9tape du GET \u00e0 Plaisance du Touch<\/a><\/h2><p class=\"desc\" style=\"font-size: 110%; \" >Et pour finir comme chaque ann\u00e9e, cl\u00f4ture du GET \u00e0 Plaisance du Touch avec la remise des r\u00e9compenses du classement g\u00e9n\u00e9ral du GET.<\/p><p class=\"start\" style=\"font-weight: bold; color: #343838; font-size: 120%; \" >From 9h until 17h<\/p><p class=\"location\" >At 5 bis rue Estujat<\/p><p class=\"readmore\"><a href=\"https:\/\/www.les3mousquetons.net\/?event=6ieme-derniere-etape-get-a-plaisance-touch\">Lire la suite ...<\/a><\/p><div style=\"clear:both\"><\/div><\/div><\/div>\r\n<h2>Mai 2018<\/h2><div class=\"qem non-classe\"><div class=\"qem-icon\"><div class=\"qem-calendar-medium\" style=\"margin:0 7px 0 0;\"><span class=\"day\" >sam<br>26<\/span><span class=\"nonday\" ><span class=\"month\"><em>Mai<\/em><\/span><span class=\"year\">2018<\/span><\/span><\/div><\/div><div class=\"qem-medium\"><h2 class=\"qem_title\"><a href=\"https:\/\/www.les3mousquetons.net\/?event=5ieme-etape-get-a-saint-mamet\">5i\u00e8me \u00e9tape du GET \u00e0 Saint-Mamet<\/a><\/h2><p class=\"desc\" style=\"font-size: 110%; \" >5i\u00e8me \u00e9tape du GET \u00e0 Saint-Mamet<\/p><p class=\"start\" style=\"font-weight: bold; color: #343838; font-size: 120%; \" >From 9h until 17h<\/p><p class=\"readmore\"><a href=\"https:\/\/www.les3mousquetons.net\/?event=5ieme-etape-get-a-saint-mamet\">Lire la suite ...<\/a><\/p><div style=\"clear:both\"><\/div><\/div><\/div>\r\n<h2>Avr 2018<\/h2><div class=\"qem non-classe\"><div class=\"qem-icon\"><div class=\"qem-calendar-medium\" style=\"margin:0 7px 0 0;\"><span class=\"day\" >sam<br>14<\/span><span class=\"nonday\" ><span class=\"month\"><em>Avr<\/em><\/span><span class=\"year\">2018<\/span><\/span><\/div><\/div><div class=\"qem-medium\"><h2 class=\"qem_title\"><a href=\"https:\/\/www.les3mousquetons.net\/?event=4ieme-etape-get-a-labroquere\">4i\u00e8me \u00e9tape du GET \u00e0 Labroqu\u00e8re<\/a><\/h2><p class=\"desc\" style=\"font-size: 110%; \" >4i\u00e8me \u00e9tape du GET \u00e0 Labroqu\u00e8re - Seule \u00e9preuve de blocs du GET qui se d\u00e9roule sur 2 jours.<\/p><p class=\"start\" style=\"font-weight: bold; color: #343838; font-size: 120%; \" >From 9h until 17h<\/p><p class=\"readmore\"><a href=\"https:\/\/www.les3mousquetons.net\/?event=4ieme-etape-get-a-labroquere\">Lire la suite ...<\/a><\/p><div style=\"clear:both\"><\/div><\/div><\/div>\r\n<h2>Mar 2018<\/h2><div class=\"qem non-classe\"><div class=\"qem-icon\"><div class=\"qem-calendar-medium\" style=\"margin:0 7px 0 0;\"><span class=\"day\" >dim<br>04<\/span><span class=\"nonday\" ><span class=\"month\"><em>Mar<\/em><\/span><span class=\"year\">2018<\/span><\/span><\/div><\/div><div class=\"qem-medium\"><h2 class=\"qem_title\"><a href=\"https:\/\/www.les3mousquetons.net\/?event=3ieme-etape-get-saint-gaudens\">3i\u00e8me \u00e9tape du GET Saint-Gaudens<\/a><\/h2><p class=\"desc\" style=\"font-size: 110%; \" >3i\u00e8me \u00e9tape du GET Saint-Gaudens<\/p><p class=\"start\" style=\"font-weight: bold; color: #343838; font-size: 120%; \" >From 9h until 17h<\/p><p class=\"location\" >At Place du Pilat<\/p><p class=\"readmore\"><a href=\"https:\/\/www.les3mousquetons.net\/?event=3ieme-etape-get-saint-gaudens\">Lire la suite ...<\/a><\/p><div style=\"clear:both\"><\/div><\/div><\/div>\r\n<h2>F\u00e9v 2018<\/h2><div class=\"qem \"><div class=\"qem-icon\"><div class=\"qem-calendar-medium\" style=\"margin:0 7px 0 0;\"><span class=\"day\" >sam<br>10<\/span><span class=\"nonday\" ><span class=\"month\"><em>F\u00e9v<\/em><\/span><span class=\"year\">2018<\/span><\/span><\/div><\/div><div class=\"qem-medium\"><h2 class=\"qem_title\"><a href=\"https:\/\/www.les3mousquetons.net\/?event=championnat-regional-de-bloc-creps-2\">Championnat r\u00e9gional de bloc au CREPS<\/a><\/h2><p class=\"desc\" style=\"font-size: 110%; \" >Championnat r\u00e9gional de bloc minimes \u00e0 s\u00e9niors au CREPS<\/p><p class=\"location\" >At CREPS de Toulouse<\/p><p class=\"readmore\"><a href=\"https:\/\/www.les3mousquetons.net\/?event=championnat-regional-de-bloc-creps-2\">Lire la suite ...<\/a><\/p><div style=\"clear:both\"><\/div><\/div><\/div>\r\n<div class=\"qem non-classe\"><div class=\"qem-icon\"><div class=\"qem-calendar-medium\" style=\"margin:0 7px 0 0;\"><span class=\"day\" >sam<br>03<\/span><span class=\"nonday\" ><span class=\"month\"><em>F\u00e9v<\/em><\/span><span class=\"year\">2018<\/span><\/span><\/div><\/div><div class=\"qem-medium\"><h2 class=\"qem_title\"><a href=\"https:\/\/www.les3mousquetons.net\/?event=championnat-departemental-open-regional\">Championnat d\u00e9partemental et open r\u00e9gional<\/a><\/h2><p class=\"desc\" style=\"font-size: 110%; \" >Championnat d\u00e9partemental 31\/32 (minimes, cadets, juniors) et open promotionnel r\u00e9gional (microbes,poussins,benjamins)<\/p><p class=\"start\" style=\"font-weight: bold; color: #343838; font-size: 120%; \" >From 7h45 until 19h<\/p><p class=\"location\" >At Lyc\u00e9e Cl\u00e9mence Royer \u00e0 Fonsorbes<\/p><p class=\"readmore\"><a href=\"https:\/\/www.les3mousquetons.net\/?event=championnat-departemental-open-regional\">Lire la suite ...<\/a><\/p><div style=\"clear:both\"><\/div><\/div><\/div>\r\n<h2>Jan 2018<\/h2><div class=\"qem non-classe\"><div class=\"qem-icon\"><div class=\"qem-calendar-medium\" style=\"margin:0 7px 0 0;\"><span class=\"day\" >dim<br>28<\/span><span class=\"nonday\" ><span class=\"month\"><em>Jan<\/em><\/span><span class=\"year\">2018<\/span><\/span><\/div><\/div><div class=\"qem-medium\"><h2 class=\"qem_title\"><a href=\"https:\/\/www.les3mousquetons.net\/?event=championnat-regional-de-vitesse-open-regional-de-difficulte\">Championnat r\u00e9gional de vitesse et open r\u00e9gional de difficult\u00e9<\/a><\/h2><p class=\"desc\" style=\"font-size: 110%; \" >Championnat r\u00e9gional de vitesse (minimes \u00e0 s\u00e9niors) et open r\u00e9gional de difficult\u00e9 (poussins \u00e0 s\u00e9niors)<\/p><p class=\"start\" style=\"font-weight: bold; color: #343838; font-size: 120%; \" >From 8h30 until 18h00<\/p><p class=\"location\" >At Tournefeuille<\/p><p class=\"readmore\"><a href=\"https:\/\/www.les3mousquetons.net\/?event=championnat-regional-de-vitesse-open-regional-de-difficulte\">Lire la suite ...<\/a><\/p><div style=\"clear:both\"><\/div><\/div><\/div>\r\n<div class=\"qem non-classe\"><div class=\"qem-icon\"><div class=\"qem-calendar-medium\" style=\"margin:0 7px 0 0;\"><span class=\"day\" >dim<br>21<\/span><span class=\"nonday\" ><span class=\"month\"><em>Jan<\/em><\/span><span class=\"year\">2018<\/span><\/span><\/div><\/div><div class=\"qem-medium\"><h2 class=\"qem_title\"><a href=\"https:\/\/www.les3mousquetons.net\/?event=2ieme-etape-get-pibrac\">2i\u00e8me \u00e9tape du GET Pibrac<\/a><\/h2><p class=\"desc\" style=\"font-size: 110%; \" >2i\u00e8me \u00e9tape du GET Pibrac<\/p><p class=\"start\" style=\"font-weight: bold; color: #343838; font-size: 120%; \" >From 9h until 17h<\/p><p class=\"location\" >At 6 boulevard des Ecoles<\/p><p class=\"readmore\"><a href=\"https:\/\/www.les3mousquetons.net\/?event=2ieme-etape-get-pibrac\">Lire la suite ...<\/a><\/p><div style=\"clear:both\"><\/div><\/div><\/div>\r\n<div class=\"qem non-classe\"><div class=\"qem-icon\"><div class=\"qem-calendar-medium\" style=\"margin:0 7px 0 0;\"><span class=\"day\" >ven<br>19<\/span><span class=\"nonday\" ><span class=\"month\"><em>Jan<\/em><\/span><span class=\"year\">2018<\/span><\/span><\/div><\/div><div class=\"qem-medium\"><div class=\"qemlistright\">\r\n<img loading=\"lazy\" decoding=\"async\" width=\"480\" height=\"480\" src=\"https:\/\/www.les3mousquetons.net\/wp-content\/uploads\/2015\/01\/galette.jpg\" class=\"attachment-large size-large wp-post-image\" alt=\"\" srcset=\"https:\/\/www.les3mousquetons.net\/wp-content\/uploads\/2015\/01\/galette.jpg 480w, https:\/\/www.les3mousquetons.net\/wp-content\/uploads\/2015\/01\/galette-150x150.jpg 150w, https:\/\/www.les3mousquetons.net\/wp-content\/uploads\/2015\/01\/galette-300x300.jpg 300w, https:\/\/www.les3mousquetons.net\/wp-content\/uploads\/2015\/01\/galette-50x50.jpg 50w, https:\/\/www.les3mousquetons.net\/wp-content\/uploads\/2015\/01\/galette-49x49.jpg 49w, https:\/\/www.les3mousquetons.net\/wp-content\/uploads\/2015\/01\/galette-184x184.jpg 184w\" sizes=\"(max-width: 480px) 100vw, 480px\" \/>\r\n<\/div>\r\n<h2 class=\"qem_title\"><a href=\"https:\/\/www.les3mousquetons.net\/?event=galettes-2\">Galettes<\/a><\/h2><p class=\"desc\" style=\"font-size: 110%; \" >Galettes ! ! !<\/p><p class=\"start\" style=\"font-weight: bold; color: #343838; font-size: 120%; \" >From 20h30<\/p><p class=\"location\" >At Lyc\u00e9e Royer \u00e0 Fonsorbes<\/p><p class=\"readmore\"><a href=\"https:\/\/www.les3mousquetons.net\/?event=galettes-2\">Lire la suite ...<\/a><\/p><div style=\"clear:both\"><\/div><\/div><\/div>\r\n<h2>Nov 2017<\/h2><div class=\"qem non-classe\"><div class=\"qem-icon\"><div class=\"qem-calendar-medium\" style=\"margin:0 7px 0 0;\"><span class=\"day\" >sam<br>18<\/span><span class=\"nonday\" ><span class=\"month\"><em>Nov<\/em><\/span><span class=\"year\">2017<\/span><\/span><\/div><\/div><div class=\"qem-medium\"><h2 class=\"qem_title\"><a href=\"https:\/\/www.les3mousquetons.net\/?event=3ieme-etape-contest-regional-de-bloc\">3i\u00e8me \u00e9tape du contest r\u00e9gional de bloc<\/a><\/h2><p class=\"desc\" style=\"font-size: 110%; \" >3i\u00e8me \u00e9tape du contest r\u00e9gional de bloc \u00e0 Montauban<\/p><p class=\"start\" style=\"font-weight: bold; color: #343838; font-size: 120%; \" >From 8h until 19h30<\/p><p class=\"location\" >At Espace Grimpe<\/p><p class=\"readmore\"><a href=\"https:\/\/www.les3mousquetons.net\/?event=3ieme-etape-contest-regional-de-bloc\">Lire la suite ...<\/a><\/p><div style=\"clear:both\"><\/div><\/div><\/div>\r\n<div class=\"qem non-classe\"><div class=\"qem-icon\"><div class=\"qem-calendar-medium\" style=\"margin:0 7px 0 0;\"><span class=\"day\" >dim<br>12<\/span><span class=\"nonday\" ><span class=\"month\"><em>Nov<\/em><\/span><span class=\"year\">2017<\/span><\/span><\/div><\/div><div class=\"qem-medium\"><h2 class=\"qem_title\"><a href=\"https:\/\/www.les3mousquetons.net\/?event=1iere-etape-get-a-carbonne-2\">1i\u00e8re \u00e9tape du GET \u00e0 Carbonne<\/a><\/h2><p class=\"desc\" style=\"font-size: 110%; \" >1i\u00e8re \u00e9tape du GET \u00e0 Carbonne<\/p><p class=\"start\" style=\"font-weight: bold; color: #343838; font-size: 120%; \" >From 9h until 17h<\/p><p class=\"location\" >At Gymnase Andr\u00e9 Abbal<\/p><p class=\"readmore\"><a href=\"https:\/\/www.les3mousquetons.net\/?event=1iere-etape-get-a-carbonne-2\">Lire la suite ...<\/a><\/p><div style=\"clear:both\"><\/div><\/div><\/div>\r\n<div class=\"qem non-classe\"><div class=\"qem-icon\"><div class=\"qem-calendar-medium\" style=\"margin:0 7px 0 0;\"><span class=\"day\" >sam<br>04<\/span><span class=\"nonday\" ><span class=\"month\"><em>Nov<\/em><\/span><span class=\"year\">2017<\/span><\/span><\/div><\/div><div class=\"qem-medium\"><h2 class=\"qem_title\"><a href=\"https:\/\/www.les3mousquetons.net\/?event=2ieme-etape-contest-regional-de-bloc\">2i\u00e8me \u00e9tape du contest r\u00e9gional de bloc<\/a><\/h2><p class=\"desc\" style=\"font-size: 110%; \" >2i\u00e8me \u00e9tape du contest r\u00e9gional de bloc \u00e0 Beyr\u00e8de<\/p><p class=\"start\" style=\"font-weight: bold; color: #343838; font-size: 120%; \" >From 8h<\/p><p class=\"location\" >At Beyr\u00e8de<\/p><p class=\"readmore\"><a href=\"https:\/\/www.les3mousquetons.net\/?event=2ieme-etape-contest-regional-de-bloc\">Lire la suite ...<\/a><\/p><div style=\"clear:both\"><\/div><\/div><\/div>\r\n<h2>Oct 2017<\/h2><div class=\"qem non-classe\"><div class=\"qem-icon\"><div class=\"qem-calendar-medium\" style=\"margin:0 7px 0 0;\"><span class=\"day\" >dim<br>15<\/span><span class=\"nonday\" ><span class=\"month\"><em>Oct<\/em><\/span><span class=\"year\">2017<\/span><\/span><\/div><\/div><div class=\"qem-medium\"><h2 class=\"qem_title\"><a href=\"https:\/\/www.les3mousquetons.net\/?event=3089\">1i\u00e8re \u00e9tape du contest r\u00e9gional de bloc<\/a><\/h2><p class=\"desc\" style=\"font-size: 110%; \" >1i\u00e8re \u00e9tape de contest de bloc \u00e0 block'out<\/p><p class=\"start\" style=\"font-weight: bold; color: #343838; font-size: 120%; \" >From 8h until 19h30<\/p><p class=\"location\" >At Salle bock'out<\/p><p class=\"readmore\"><a href=\"https:\/\/www.les3mousquetons.net\/?event=3089\">Lire la suite ...<\/a><\/p><div style=\"clear:both\"><\/div><\/div><\/div>\r\n<h2>Sep 2017<\/h2><div class=\"qem \"><div class=\"qem-icon\"><div class=\"qem-calendar-medium\" style=\"margin:0 7px 0 0;\"><span class=\"day\" >lun<br>18<\/span><span class=\"nonday\" ><span class=\"month\"><em>Sep<\/em><\/span><span class=\"year\">2017<\/span><\/span><\/div><\/div><div class=\"qem-medium\"><h2 class=\"qem_title\"><a href=\"https:\/\/www.les3mousquetons.net\/?event=reprise-des-cours-2\">Reprise des cours<\/a><\/h2><p class=\"readmore\"><a href=\"https:\/\/www.les3mousquetons.net\/?event=reprise-des-cours-2\">Lire la suite ...<\/a><\/p><div style=\"clear:both\"><\/div><\/div><\/div>\r\n<h2>Juil 2017<\/h2><div class=\"qem non-classe\"><div class=\"qem-icon\"><div class=\"qem-calendar-medium\" style=\"margin:0 7px 0 0;\"><span class=\"day\" >dim<br>02<\/span><span class=\"nonday\" ><span class=\"month\"><em>Juil<\/em><\/span><span class=\"year\">2017<\/span><\/span><\/div><\/div><div class=\"qem-medium\"><h2 class=\"qem_title\"><a href=\"https:\/\/www.les3mousquetons.net\/?event=challenge-interne-suivi-de-lag\">Dimanche 2 juillet - Challenge interne suivi de l'AG<\/a><\/h2><p class=\"desc\" style=\"font-size: 110%; \" >Challenge interne suivi de l'AG \u00e0 17h30 puis d'un ap\u00e9ro de fin d'ann\u00e9e<\/p><p class=\"start\" style=\"font-weight: bold; color: #343838; font-size: 120%; \" >From 14h until 20h<\/p><p class=\"location\" >At au gymnase du coll\u00e8ge de Cantelauze<\/p><p class=\"readmore\"><a href=\"https:\/\/www.les3mousquetons.net\/?event=challenge-interne-suivi-de-lag\">Lire la suite ...<\/a><\/p><div style=\"clear:both\"><\/div><\/div><\/div>\r\n<div class=\"qem non-classe\"><div class=\"qem-icon\"><div class=\"qem-calendar-medium\" style=\"margin:0 7px 0 0;\"><span class=\"day\" >dim<br>02<\/span><span class=\"nonday\" ><span class=\"month\"><em>Juil<\/em><\/span><span class=\"year\">2017<\/span><\/span><\/div><\/div><div class=\"qem-medium\"><div class=\"qemlistright\">\r\n<img loading=\"lazy\" decoding=\"async\" width=\"576\" height=\"1024\" src=\"https:\/\/www.les3mousquetons.net\/wp-content\/uploads\/2017\/05\/20170406_155649-576x1024.jpg\" class=\"attachment-large size-large wp-post-image\" alt=\"\" srcset=\"https:\/\/www.les3mousquetons.net\/wp-content\/uploads\/2017\/05\/20170406_155649-576x1024.jpg 576w, https:\/\/www.les3mousquetons.net\/wp-content\/uploads\/2017\/05\/20170406_155649-169x300.jpg 169w, https:\/\/www.les3mousquetons.net\/wp-content\/uploads\/2017\/05\/20170406_155649-768x1365.jpg 768w, https:\/\/www.les3mousquetons.net\/wp-content\/uploads\/2017\/05\/20170406_155649.jpg 1152w\" sizes=\"(max-width: 576px) 100vw, 576px\" \/>\r\n<\/div>\r\n<h2 class=\"qem_title\"><a href=\"https:\/\/www.les3mousquetons.net\/?event=journee-portes-ouvertes\">Journ\u00e9e portes ouvertes<\/a><\/h2><p class=\"desc\" style=\"font-size: 110%; \" >Venez vous essayer \u00e0 l'escalade de 9h \u00e0 12 au coll\u00e8ge de Cantelauze<\/p><p class=\"start\" style=\"font-weight: bold; color: #343838; font-size: 120%; \" >From 9h until 12h<\/p><p class=\"location\" >At au gymnase du coll\u00e8ge de Cantelauze<\/p><p class=\"readmore\"><a href=\"https:\/\/www.les3mousquetons.net\/?event=journee-portes-ouvertes\">Lire la suite ...<\/a><\/p><div style=\"clear:both\"><\/div><\/div><\/div>\r\n<h2>Juin 2017<\/h2><div class=\"qem non-classe\"><div class=\"qem-icon\"><div class=\"qem-calendar-medium\" style=\"margin:0 7px 0 0;\"><span class=\"day\" >dim<br>25<\/span><span class=\"nonday\" ><span class=\"month\"><em>Juin<\/em><\/span><span class=\"year\">2017<\/span><\/span><\/div><\/div><div class=\"qem-medium\"><h2 class=\"qem_title\"><a href=\"https:\/\/www.les3mousquetons.net\/?event=6ieme-etape-derniere-etape-get-plaisance-touch\">6i\u00e8me \u00e9tape et derni\u00e8re \u00e9tape du GET - Plaisance du Touch<\/a><\/h2><p class=\"desc\" style=\"font-size: 110%; \" >avec remise des r\u00e9compenses du classement global des 6 \u00e9tapes !<\/p><p class=\"start\" style=\"font-weight: bold; color: #343838; font-size: 120%; \" >From 9h until 17h30<\/p><p class=\"location\" >At Plaisance du Touch<\/p><p class=\"readmore\"><a href=\"https:\/\/www.les3mousquetons.net\/?event=6ieme-etape-derniere-etape-get-plaisance-touch\">Lire la suite ...<\/a><\/p><div style=\"clear:both\"><\/div><\/div><\/div>\r\n<div class=\"qem non-classe\"><div class=\"qem-icon\"><div class=\"qem-calendar-medium\" style=\"margin:0 7px 0 0;\"><span class=\"day\" >dim<br>11<\/span><span class=\"nonday\" ><span class=\"month\"><em>Juin<\/em><\/span><span class=\"year\">2017<\/span><\/span><\/div><\/div><div class=\"qem-medium\"><h2 class=\"qem_title\"><a href=\"https:\/\/www.les3mousquetons.net\/?event=5ieme-sortie-falaise\">5i\u00e8me sortie falaise<\/a><\/h2><p class=\"desc\" style=\"font-size: 110%; \" >Encadr\u00e9 par Eric<\/p><p class=\"start\" style=\"font-weight: bold; color: #343838; font-size: 120%; \" >From 9h until 19h<\/p><p class=\"readmore\"><a href=\"https:\/\/www.les3mousquetons.net\/?event=5ieme-sortie-falaise\">Lire la suite ...<\/a><\/p><div style=\"clear:both\"><\/div><\/div><\/div>\r\n<h2>Mai 2017<\/h2><div class=\"qem non-classe\"><div class=\"qem-icon\"><div class=\"qem-calendar-medium\" style=\"margin:0 7px 0 0;\"><span class=\"day\" >sam<br>20<\/span><span class=\"nonday\" ><span class=\"month\"><em>Mai<\/em><\/span><span class=\"year\">2017<\/span><\/span><\/div><\/div><div class=\"qem-medium\"><h2 class=\"qem_title\"><a href=\"https:\/\/www.les3mousquetons.net\/?event=5ieme-etape-get-a-st-mamet\">5i\u00e8me \u00e9tape GET \u00e0 St-Mamet<\/a><\/h2><p class=\"start\" style=\"font-weight: bold; color: #343838; font-size: 120%; \" >From 9h until 17h30<\/p><p class=\"location\" >At St-Mamet \u00e0 c\u00f4t\u00e9 de Luchon<\/p><p class=\"readmore\"><a href=\"https:\/\/www.les3mousquetons.net\/?event=5ieme-etape-get-a-st-mamet\">Lire la suite ...<\/a><\/p><div style=\"clear:both\"><\/div><\/div><\/div>\r\n<div class=\"qem non-classe\"><div class=\"qem-icon\"><div class=\"qem-calendar-medium\" style=\"margin:0 7px 0 0;\"><span class=\"day\" >dim<br>14<\/span><span class=\"nonday\" ><span class=\"month\"><em>Mai<\/em><\/span><span class=\"year\">2017<\/span><\/span><\/div><\/div><div class=\"qem-medium\"><h2 class=\"qem_title\"><a href=\"https:\/\/www.les3mousquetons.net\/?event=sortie-falaise-5\">4i\u00e8me sortie falaise<\/a><\/h2><p class=\"desc\" style=\"font-size: 110%; \" >avec Eric Demay<\/p><p class=\"readmore\"><a href=\"https:\/\/www.les3mousquetons.net\/?event=sortie-falaise-5\">Lire la suite ...<\/a><\/p><div style=\"clear:both\"><\/div><\/div><\/div>\r\n<h2>Avr 2017<\/h2><div class=\"qem non-classe\"><div class=\"qem-icon\"><div class=\"qem-calendar-medium\" style=\"margin:0 7px 0 0;\"><span class=\"day\" >sam<br>15<\/span><span class=\"nonday\" ><span class=\"month\"><em>Avr<\/em><\/span><span class=\"year\">2017<\/span><\/span><\/div><\/div><div class=\"qem-medium\"><h2 class=\"qem_title\"><a href=\"https:\/\/www.les3mousquetons.net\/?event=3ieme-sortie-falaise\">3i\u00e8me sortie falaise<\/a><\/h2><p class=\"desc\" style=\"font-size: 110%; \" >Encadr\u00e9 par Valentin sortie sp\u00e9ciale jeunes<\/p><p class=\"start\" style=\"font-weight: bold; color: #343838; font-size: 120%; \" >From 9h until 19h<\/p><p class=\"readmore\"><a href=\"https:\/\/www.les3mousquetons.net\/?event=3ieme-sortie-falaise\">Lire la suite ...<\/a><\/p><div style=\"clear:both\"><\/div><\/div><\/div>\r\n<div class=\"qem non-classe\"><div class=\"qem-icon\"><div class=\"qem-calendar-medium\" style=\"margin:0 7px 0 0;\"><span class=\"day\" >sam<br>08<\/span><span class=\"nonday\" ><span class=\"month\"><em>Avr<\/em><\/span><span class=\"year\">2017<\/span><\/span><\/div><\/div><div class=\"qem-medium\"><h2 class=\"qem_title\"><a href=\"https:\/\/www.les3mousquetons.net\/?event=4ieme-etape-get-a-labroquere-blocs\">4i\u00e8me \u00e9tape GET \u00e0 Labroqu\u00e8re (blocs)<\/a><\/h2><p class=\"start\" style=\"font-weight: bold; color: #343838; font-size: 120%; \" >From 9h until 17h30<\/p><p class=\"readmore\"><a href=\"https:\/\/www.les3mousquetons.net\/?event=4ieme-etape-get-a-labroquere-blocs\">Lire la suite ...<\/a><\/p><div style=\"clear:both\"><\/div><\/div><\/div>\r\n<div class=\"qem non-classe\"><div class=\"qem-icon\"><div class=\"qem-calendar-medium\" style=\"margin:0 7px 0 0;\"><span class=\"day\" >dim<br>02<\/span><span class=\"nonday\" ><span class=\"month\"><em>Avr<\/em><\/span><span class=\"year\">2017<\/span><\/span><\/div><\/div><div class=\"qem-medium\"><h2 class=\"qem_title\"><a href=\"https:\/\/www.les3mousquetons.net\/?event=2ieme-sortie-falaise-2\">2i\u00e8me sortie falaise<\/a><\/h2><p class=\"desc\" style=\"font-size: 110%; \" >Encadr\u00e9 par David<\/p><p class=\"start\" style=\"font-weight: bold; color: #343838; font-size: 120%; \" >From 9h until 19h<\/p><p class=\"readmore\"><a href=\"https:\/\/www.les3mousquetons.net\/?event=2ieme-sortie-falaise-2\">Lire la suite ...<\/a><\/p><div style=\"clear:both\"><\/div><\/div><\/div>\r\n<h2>Mar 2017<\/h2><div class=\"qem non-classe\"><div class=\"qem-icon\"><div class=\"qem-calendar-medium\" style=\"margin:0 7px 0 0;\"><span class=\"day\" >dim<br>19<\/span><span class=\"nonday\" ><span class=\"month\"><em>Mar<\/em><\/span><span class=\"year\">2017<\/span><\/span><\/div><\/div><div class=\"qem-medium\"><h2 class=\"qem_title\"><a href=\"https:\/\/www.les3mousquetons.net\/?event=sortie-falaise-4\">Sortie falaise<\/a><\/h2><p class=\"desc\" style=\"font-size: 110%; \" >avec Eric Demay<\/p><p class=\"readmore\"><a href=\"https:\/\/www.les3mousquetons.net\/?event=sortie-falaise-4\">Lire la suite ...<\/a><\/p><div style=\"clear:both\"><\/div><\/div><\/div>\r\n<div class=\"qem non-classe\"><div class=\"qem-icon\"><div class=\"qem-calendar-medium\" style=\"margin:0 7px 0 0;\"><span class=\"day\" >lun<br>06<\/span><span class=\"nonday\" ><span class=\"month\"><em>Mar<\/em><\/span><span class=\"year\">2017<\/span><\/span><\/div><\/div><div class=\"qem-medium\"><h2 class=\"qem_title\"><a href=\"https:\/\/www.les3mousquetons.net\/?event=passage-des-passeports\">Passage des passeports<\/a><\/h2><p class=\"desc\" style=\"font-size: 110%; \" >1\/2 journ\u00e9e escalade avec passage des passeports en fin de s\u00e9ances<\/p><p class=\"start\" style=\"font-weight: bold; color: #343838; font-size: 120%; \" >From 14h until 17h<\/p><p class=\"location\" >At au gymnase du coll\u00e8ge de Cantelauze<\/p><p class=\"readmore\"><a href=\"https:\/\/www.les3mousquetons.net\/?event=passage-des-passeports\">Lire la suite ...<\/a><\/p><div style=\"clear:both\"><\/div><\/div><\/div>\r\n<div class=\"qem non-classe\"><div class=\"qem-icon\"><div class=\"qem-calendar-medium\" style=\"margin:0 7px 0 0;\"><span class=\"day\" >dim<br>05<\/span><span class=\"nonday\" ><span class=\"month\"><em>Mar<\/em><\/span><span class=\"year\">2017<\/span><\/span><\/div><\/div><div class=\"qem-medium\"><h2 class=\"qem_title\"><a href=\"https:\/\/www.les3mousquetons.net\/?event=3ieme-etape-get-st-gaudens\">3i\u00e8me \u00e9tape GET St-Gaudens<\/a><\/h2><p class=\"start\" style=\"font-weight: bold; color: #343838; font-size: 120%; \" >From 9h until 17h30<\/p><p class=\"location\" >At St-Gaudens<\/p><p class=\"readmore\"><a href=\"https:\/\/www.les3mousquetons.net\/?event=3ieme-etape-get-st-gaudens\">Lire la suite ...<\/a><\/p><div style=\"clear:both\"><\/div><\/div><\/div>\r\n<h2>F\u00e9v 2017<\/h2><div class=\"qem non-classe\"><div class=\"qem-icon\"><div class=\"qem-calendar-medium\" style=\"margin:0 7px 0 0;\"><span class=\"day\" >sam<br>11<\/span><span class=\"nonday\" ><span class=\"month\"><em>F\u00e9v<\/em><\/span><span class=\"year\">2017<\/span><\/span><\/div><\/div><div class=\"qem-medium\"><h2 class=\"qem_title\"><a href=\"https:\/\/www.les3mousquetons.net\/?event=championnat-regional-de-bloc-creps\">Championnat r\u00e9gional de bloc au CREPS<\/a><\/h2><p class=\"desc\" style=\"font-size: 110%; \" >Championnat r\u00e9gional de blocs<\/p><p class=\"location\" >At CREPS \u00e0 Toulouse<\/p><p class=\"readmore\"><a href=\"https:\/\/www.les3mousquetons.net\/?event=championnat-regional-de-bloc-creps\">Lire la suite ...<\/a><\/p><div style=\"clear:both\"><\/div><\/div><\/div>\r\n<h2>Jan 2017<\/h2><div class=\"qem non-classe\"><div class=\"qem-icon\"><div class=\"qem-calendar-medium\" style=\"margin:0 7px 0 0;\"><span class=\"day\" >dim<br>29<\/span><span class=\"nonday\" ><span class=\"month\"><em>Jan<\/em><\/span><span class=\"year\">2017<\/span><\/span><\/div><\/div><div class=\"qem-medium\"><h2 class=\"qem_title\"><a href=\"https:\/\/www.les3mousquetons.net\/?event=2ieme-etape-get-a-pibrac\">2i\u00e8me \u00e9tape GET \u00e0 Pibrac<\/a><\/h2><p class=\"desc\" style=\"font-size: 110%; \" >Ordre de passage : http:\/\/crmp-ffme.fr\/images\/cd31\/get\/2017\/Garonne_Escalade_troph%C3%A9e_pibrac.pdf<\/p><p class=\"start\" style=\"font-weight: bold; color: #343838; font-size: 120%; \" >From 9h until 17h30<\/p><p class=\"location\" >At Pibrac<\/p><p class=\"readmore\"><a href=\"https:\/\/www.les3mousquetons.net\/?event=2ieme-etape-get-a-pibrac\">Lire la suite ...<\/a><\/p><div style=\"clear:both\"><\/div><\/div><\/div>\r\n<div class=\"qem non-classe\"><div class=\"qem-icon\"><div class=\"qem-calendar-medium\" style=\"margin:0 7px 0 0;\"><span class=\"day\" >ven<br>20<\/span><span class=\"nonday\" ><span class=\"month\"><em>Jan<\/em><\/span><span class=\"year\">2017<\/span><\/span><\/div><\/div><div class=\"qem-medium\"><h2 class=\"qem_title\"><a href=\"https:\/\/www.les3mousquetons.net\/?event=galettes-offerte-club\">Galettes offerte par le club !<\/a><\/h2><p class=\"start\" style=\"font-weight: bold; color: #343838; font-size: 120%; \" >From 20h30<\/p><p class=\"location\" >At Lyc\u00e9e Royer de Fonsorbes<\/p><p class=\"readmore\"><a href=\"https:\/\/www.les3mousquetons.net\/?event=galettes-offerte-club\">Lire la suite ...<\/a><\/p><div style=\"clear:both\"><\/div><\/div><\/div>\r\n<h2>D\u00e9c 2016<\/h2><div class=\"qem non-classe\"><div class=\"qem-icon\"><div class=\"qem-calendar-medium\" style=\"margin:0 7px 0 0;\"><span class=\"day\" >sam<br>10<\/span><span class=\"nonday\" ><span class=\"month\"><em>D\u00e9c<\/em><\/span><span class=\"year\">2016<\/span><\/span><\/div><\/div><div class=\"qem-medium\"><h2 class=\"qem_title\"><a href=\"https:\/\/www.les3mousquetons.net\/?event=open-regional-de-fonsorbes-2\">OPEN r\u00e9gional de Fonsorbes<\/a><\/h2><p class=\"start\" style=\"font-weight: bold; color: #343838; font-size: 120%; \" >From 8h until 17h<\/p><p class=\"location\" >At Lyc\u00e9e Royer de Fonsorbes<\/p><p class=\"readmore\"><a href=\"https:\/\/www.les3mousquetons.net\/?event=open-regional-de-fonsorbes-2\">Lire la suite ...<\/a><\/p><div style=\"clear:both\"><\/div><\/div><\/div>\r\n<div class=\"qem non-classe\"><div class=\"qem-icon\"><div class=\"qem-calendar-medium\" style=\"margin:0 7px 0 0;\"><span class=\"day\" >sam<br>10<\/span><span class=\"nonday\" ><span class=\"month\"><em>D\u00e9c<\/em><\/span><span class=\"year\">2016<\/span><\/span><\/div><\/div><div class=\"qem-medium\"><h2 class=\"qem_title\"><a href=\"https:\/\/www.les3mousquetons.net\/?event=coupe-de-france-blocs-jeunes-seniors\">Coupe de France blocs jeunes et s\u00e9niors<\/a><\/h2><p class=\"desc\" style=\"font-size: 110%; \" >Coupe de France \u00e0 Chamonix de Minimes \u00e0 S\u00e9niors<\/p><p class=\"location\" >At Chamonix<\/p><p class=\"readmore\"><a href=\"https:\/\/www.les3mousquetons.net\/?event=coupe-de-france-blocs-jeunes-seniors\">Lire la suite ...<\/a><\/p><div style=\"clear:both\"><\/div><\/div><\/div>\r\n<h2>Nov 2016<\/h2><div class=\"qem non-classe\"><div class=\"qem-icon\"><div class=\"qem-calendar-medium\" style=\"margin:0 7px 0 0;\"><span class=\"day\" >sam<br>19<\/span><span class=\"nonday\" ><span class=\"month\"><em>Nov<\/em><\/span><span class=\"year\">2016<\/span><\/span><\/div><\/div><div class=\"qem-medium\"><h2 class=\"qem_title\"><a href=\"https:\/\/www.les3mousquetons.net\/?event=2ieme-sortie-falaise-st-antonin-noble-val\">2i\u00e8me sortie falaise St-Antonin Noble Val<\/a><\/h2><p class=\"readmore\"><a href=\"https:\/\/www.les3mousquetons.net\/?event=2ieme-sortie-falaise-st-antonin-noble-val\">Lire la suite ...<\/a><\/p><div style=\"clear:both\"><\/div><\/div><\/div>\r\n<div class=\"qem non-classe\"><div class=\"qem-icon\"><div class=\"qem-calendar-medium\" style=\"margin:0 7px 0 0;\"><span class=\"day\" >dim<br>13<\/span><span class=\"nonday\" ><span class=\"month\"><em>Nov<\/em><\/span><span class=\"year\">2016<\/span><\/span><\/div><\/div><div class=\"qem-medium\"><h2 class=\"qem_title\"><a href=\"https:\/\/www.les3mousquetons.net\/?event=1iere-etape-get-a-carbonne\">1iere \u00e9tape du GET \u00e0 Carbonne<\/a><\/h2><p class=\"start\" style=\"font-weight: bold; color: #343838; font-size: 120%; \" >From 9h until 17h30<\/p><p class=\"readmore\"><a href=\"https:\/\/www.les3mousquetons.net\/?event=1iere-etape-get-a-carbonne\">Lire la suite ...<\/a><\/p><div style=\"clear:both\"><\/div><\/div><\/div>\r\n<div class=\"qem non-classe\"><div class=\"qem-icon\"><div class=\"qem-calendar-medium\" style=\"margin:0 7px 0 0;\"><span class=\"day\" >sam<br>12<\/span><span class=\"nonday\" ><span class=\"month\"><em>Nov<\/em><\/span><span class=\"year\">2016<\/span><\/span><\/div><\/div><div class=\"qem-medium\"><h2 class=\"qem_title\"><a href=\"https:\/\/www.les3mousquetons.net\/?event=open-regional-de-blocs-a-beyrede-jumet\">Open r\u00e9gional de blocs \u00e0 Beyr\u00e8de Jumet<\/a><\/h2><p class=\"desc\" style=\"font-size: 110%; \" >Open r\u00e9gional de bloc de Minimes \u00e0 S\u00e9niors<\/p><p class=\"start\" style=\"font-weight: bold; color: #343838; font-size: 120%; \" >From 8h until 18h<\/p><p class=\"location\" >At Beyr\u00e8de Jumet<\/p><p class=\"readmore\"><a href=\"https:\/\/www.les3mousquetons.net\/?event=open-regional-de-blocs-a-beyrede-jumet\">Lire la suite ...<\/a><\/p><div style=\"clear:both\"><\/div><\/div><\/div>\r\n<h2>Oct 2016<\/h2><div class=\"qem non-classe\"><div class=\"qem-icon\"><div class=\"qem-calendar-medium\" style=\"margin:0 7px 0 0;\"><span class=\"day\" >sam<br>22<\/span><span class=\"nonday\" ><span class=\"month\"><em>Oct<\/em><\/span><span class=\"year\">2016<\/span><\/span><\/div><\/div><div class=\"qem-medium\"><h2 class=\"qem_title\"><a href=\"https:\/\/www.les3mousquetons.net\/?event=coupe-de-france-jeunes-seniors-de-blocs\">Coupe de France jeunes et s\u00e9niors de blocs<\/a><\/h2><p class=\"desc\" style=\"font-size: 110%; \" >Coupe de France \u00e0 Valence de Minimes \u00e0 S\u00e9niors<\/p><p class=\"location\" >At Valence (Dr\u00f4me)<\/p><p class=\"readmore\"><a href=\"https:\/\/www.les3mousquetons.net\/?event=coupe-de-france-jeunes-seniors-de-blocs\">Lire la suite ...<\/a><\/p><div style=\"clear:both\"><\/div><\/div><\/div>\r\n<div class=\"qem non-classe\"><div class=\"qem-icon\"><div class=\"qem-calendar-medium\" style=\"margin:0 7px 0 0;\"><span class=\"day\" >dim<br>16<\/span><span class=\"nonday\" ><span class=\"month\"><em>Oct<\/em><\/span><span class=\"year\">2016<\/span><\/span><\/div><\/div><div class=\"qem-medium\"><h2 class=\"qem_title\"><a href=\"https:\/\/www.les3mousquetons.net\/?event=mini-12h-de-belcaire\">Mini 12h de Belcaire<\/a><\/h2><p class=\"desc\" style=\"font-size: 110%; \" >Mini 12h de Belcaire de Microbes \u00e0 Benjamins<\/p><p class=\"start\" style=\"font-weight: bold; color: #343838; font-size: 120%; \" >From 9h until 13h<\/p><p class=\"readmore\"><a href=\"https:\/\/www.les3mousquetons.net\/?event=mini-12h-de-belcaire\">Lire la suite ...<\/a><\/p><div style=\"clear:both\"><\/div><\/div><\/div>\r\n<div class=\"qem non-classe\"><div class=\"qem-icon\"><div class=\"qem-calendar-medium\" style=\"margin:0 7px 0 0;\"><span class=\"day\" >sam<br>15<\/span><span class=\"nonday\" ><span class=\"month\"><em>Oct<\/em><\/span><span class=\"year\">2016<\/span><\/span><\/div><\/div><div class=\"qem-medium\"><h2 class=\"qem_title\"><a href=\"https:\/\/www.les3mousquetons.net\/?event=12h-de-belcaire\">12h de Belcaire<\/a><\/h2><p class=\"desc\" style=\"font-size: 110%; \" >12h de Belcaire de Minimes \u00e0 V\u00e9t\u00e9rans<\/p><p class=\"start\" style=\"font-weight: bold; color: #343838; font-size: 120%; \" >From 9h30 until 21h30<\/p><p class=\"location\" >At Belcaire<\/p><p class=\"readmore\"><a href=\"https:\/\/www.les3mousquetons.net\/?event=12h-de-belcaire\">Lire la suite ...<\/a><\/p><div style=\"clear:both\"><\/div><\/div><\/div>\r\n<div class=\"qem non-classe\"><div class=\"qem-icon\"><div class=\"qem-calendar-medium\" style=\"margin:0 7px 0 0;\"><span class=\"day\" >sam<br>15<\/span><span class=\"nonday\" ><span class=\"month\"><em>Oct<\/em><\/span><span class=\"year\">2016<\/span><\/span><\/div><\/div><div class=\"qem-medium\"><h2 class=\"qem_title\"><a href=\"https:\/\/www.les3mousquetons.net\/?event=open-regional-de-bloc-a-cahors\">OPEN r\u00e9gional de bloc \u00e0 Cahors<\/a><\/h2><p class=\"desc\" style=\"font-size: 110%; \" >Open r\u00e9gional de bloc<\/p><p class=\"start\" style=\"font-weight: bold; color: #343838; font-size: 120%; \" >From 8h until 18h<\/p><p class=\"location\" >At Cahors salle SAE Les Docks<\/p><p class=\"readmore\"><a href=\"https:\/\/www.les3mousquetons.net\/?event=open-regional-de-bloc-a-cahors\">Lire la suite ...<\/a><\/p><div style=\"clear:both\"><\/div><\/div><\/div>\r\n<div class=\"qem non-classe\"><div class=\"qem-icon\"><div class=\"qem-calendar-medium\" style=\"margin:0 7px 0 0;\"><span class=\"day\" >sam<br>15<\/span><span class=\"nonday\" ><span class=\"month\"><em>Oct<\/em><\/span><span class=\"year\">2016<\/span><\/span><\/div><\/div><div class=\"qem-medium\"><h2 class=\"qem_title\"><a href=\"https:\/\/www.les3mousquetons.net\/?event=sortie-falaise-st-antonin-noble-val\">Sortie falaise St-Antonin Noble Val<\/a><\/h2><p class=\"readmore\"><a href=\"https:\/\/www.les3mousquetons.net\/?event=sortie-falaise-st-antonin-noble-val\">Lire la suite ...<\/a><\/p><div style=\"clear:both\"><\/div><\/div><\/div>\r\n<div class=\"qem non-classe\"><div class=\"qem-icon\"><div class=\"qem-calendar-medium\" style=\"margin:0 7px 0 0;\"><span class=\"day\" >sam<br>01<\/span><span class=\"nonday\" ><span class=\"month\"><em>Oct<\/em><\/span><span class=\"year\">2016<\/span><\/span><\/div><\/div><div class=\"qem-medium\"><h2 class=\"qem_title\"><a href=\"https:\/\/www.les3mousquetons.net\/?event=24h-mur-2016\">Les 24H du Mur 2016<\/a><\/h2><p class=\"desc\" style=\"font-size: 110%; \" >La date est sortie les prochaines 24H du Mur d'Oloron est le 1ier week-end d'octobre<\/p><p class=\"readmore\"><a href=\"https:\/\/www.les3mousquetons.net\/?event=24h-mur-2016\">Lire la suite ...<\/a><\/p><div style=\"clear:both\"><\/div><\/div><\/div>\r\n<h2>Sep 2016<\/h2><div class=\"qem non-classe\"><div class=\"qem-icon\"><div class=\"qem-calendar-medium\" style=\"margin:0 7px 0 0;\"><span class=\"day\" >lun<br>19<\/span><span class=\"nonday\" ><span class=\"month\"><em>Sep<\/em><\/span><span class=\"year\">2016<\/span><\/span><\/div><\/div><div class=\"qem-medium\"><h2 class=\"qem_title\"><a href=\"https:\/\/www.les3mousquetons.net\/?event=reprise-des-cours\">REPRISE des cours<\/a><\/h2><p class=\"desc\" style=\"font-size: 110%; \" >REPRISE des cours<\/p><p class=\"readmore\"><a href=\"https:\/\/www.les3mousquetons.net\/?event=reprise-des-cours\">Lire la suite ...<\/a><\/p><div style=\"clear:both\"><\/div><\/div><\/div>\r\n<div class=\"qem non-classe\"><div class=\"qem-icon\"><div class=\"qem-calendar-medium\" style=\"margin:0 7px 0 0;\"><span class=\"day\" >dim<br>04<\/span><span class=\"nonday\" ><span class=\"month\"><em>Sep<\/em><\/span><span class=\"year\">2016<\/span><\/span><\/div><\/div><div class=\"qem-medium\"><h2 class=\"qem_title\"><a href=\"https:\/\/www.les3mousquetons.net\/?event=forum-des-associations-2\">Forum des associations<\/a><\/h2><p class=\"desc\" style=\"font-size: 110%; \" >Participation au forum des assos - Prise des inscriptions d\u00e9finitives<\/p><p class=\"start\" style=\"font-weight: bold; color: #343838; font-size: 120%; \" >From 10h30 until 18h00<\/p><p class=\"readmore\"><a href=\"https:\/\/www.les3mousquetons.net\/?event=forum-des-associations-2\">Lire la suite ...<\/a><\/p><div style=\"clear:both\"><\/div><\/div><\/div>\r\n<div class=\"qem non-classe\"><div class=\"qem-icon\"><div class=\"qem-calendar-medium\" style=\"margin:0 7px 0 0;\"><span class=\"day\" >sam<br>03<\/span><span class=\"nonday\" ><span class=\"month\"><em>Sep<\/em><\/span><span class=\"year\">2016<\/span><\/span><\/div><\/div><div class=\"qem-medium\"><h2 class=\"qem_title\"><a href=\"https:\/\/www.les3mousquetons.net\/?event=faites-du-sport\">Faites du sport<\/a><\/h2><p class=\"desc\" style=\"font-size: 110%; \" >Participation \u00e0 la manifestation <\/p><p class=\"start\" style=\"font-weight: bold; color: #343838; font-size: 120%; \" >From 14h00 until 16h30<\/p><p class=\"readmore\"><a href=\"https:\/\/www.les3mousquetons.net\/?event=faites-du-sport\">Lire la suite ...<\/a><\/p><div style=\"clear:both\"><\/div><\/div><\/div>\r\n<h2>Juil 2016<\/h2><div class=\"qem non-classe\"><div class=\"qem-icon\"><div class=\"qem-calendar-medium\" style=\"margin:0 7px 0 0;\"><span class=\"day\" >sam<br>02<\/span><span class=\"nonday\" ><span class=\"month\"><em>Juil<\/em><\/span><span class=\"year\">2016<\/span><\/span><\/div><\/div><div class=\"qem-medium\"><h2 class=\"qem_title\"><a href=\"https:\/\/www.les3mousquetons.net\/?event=trophee-national-poussins-benjamins-a-st-genest-malifaux\">Troph\u00e9e National Poussins Benjamins \u00e0 ST GENEST MALIFAUX<\/a><\/h2><p class=\"readmore\"><a href=\"https:\/\/www.les3mousquetons.net\/?event=trophee-national-poussins-benjamins-a-st-genest-malifaux\">Lire la suite ...<\/a><\/p><div style=\"clear:both\"><\/div><\/div><\/div>\r\n<h2>Juin 2016<\/h2><div class=\"qem non-classe\"><div class=\"qem-icon\"><div class=\"qem-calendar-medium\" style=\"margin:0 7px 0 0;\"><span class=\"day\" >dim<br>26<\/span><span class=\"nonday\" ><span class=\"month\"><em>Juin<\/em><\/span><span class=\"year\">2016<\/span><\/span><\/div><\/div><div class=\"qem-medium\"><h2 class=\"qem_title\"><a href=\"https:\/\/www.les3mousquetons.net\/?event=get-plaisance-du-touch-2\">GET - Plaisance du Touch<\/a><\/h2><p class=\"desc\" style=\"font-size: 110%; \" >6\u00e8me \u00e9tape du GET (Garonne Escalade Troph\u00e9e)<\/p><p class=\"location\" >At Plaisance du Touch<\/p><p class=\"readmore\"><a href=\"https:\/\/www.les3mousquetons.net\/?event=get-plaisance-du-touch-2\">Lire la suite ...<\/a><\/p><div style=\"clear:both\"><\/div><\/div><\/div>\r\n<div class=\"qem non-classe\"><div class=\"qem-icon\"><div class=\"qem-calendar-medium\" style=\"margin:0 7px 0 0;\"><span class=\"day\" >sam<br>25<\/span><span class=\"nonday\" ><span class=\"month\"><em>Juin<\/em><\/span><span class=\"year\">2016<\/span><\/span><\/div><\/div><div class=\"qem-medium\"><h2 class=\"qem_title\"><a href=\"https:\/\/www.les3mousquetons.net\/?event=1332\">3i\u00e8me sortie falaise<\/a><\/h2><p class=\"desc\" style=\"font-size: 110%; \" >3i\u00e8me sortie falaise<\/p><p class=\"readmore\"><a href=\"https:\/\/www.les3mousquetons.net\/?event=1332\">Lire la suite ...<\/a><\/p><div style=\"clear:both\"><\/div><\/div><\/div>\r\n<div class=\"qem non-classe\"><div class=\"qem-icon\"><div class=\"qem-calendar-medium\" style=\"margin:0 7px 0 0;\"><span class=\"day\" >dim<br>19<\/span><span class=\"nonday\" ><span class=\"month\"><em>Juin<\/em><\/span><span class=\"year\">2016<\/span><\/span><\/div><\/div><div class=\"qem-medium\"><h2 class=\"qem_title\"><a href=\"https:\/\/www.les3mousquetons.net\/?event=challenge-les-3-mousquetons\">Challenge les 3 Mousquetons<\/a><\/h2><p class=\"desc\" style=\"font-size: 110%; \" >Challenge interne + AG<\/p><p class=\"start\" style=\"font-weight: bold; color: #343838; font-size: 120%; \" >From 13h30 until 20h<\/p><p class=\"location\" >At au lyc\u00e9e<\/p><p class=\"readmore\"><a href=\"https:\/\/www.les3mousquetons.net\/?event=challenge-les-3-mousquetons\">Lire la suite ...<\/a><\/p><div style=\"clear:both\"><\/div><\/div><\/div>\r\n<div class=\"qem non-classe\"><div class=\"qem-icon\"><div class=\"qem-calendar-medium\" style=\"margin:0 7px 0 0;\"><span class=\"day\" >sam<br>11<\/span><span class=\"nonday\" ><span class=\"month\"><em>Juin<\/em><\/span><span class=\"year\">2016<\/span><\/span><\/div><\/div><div class=\"qem-medium\"><h2 class=\"qem_title\"><a href=\"https:\/\/www.les3mousquetons.net\/?event=rencontres-bloc-a-saint-antonin-noble-val\">Rencontres bloc \u00e0 Saint-Antonin Noble Val<\/a><\/h2><p class=\"desc\" style=\"font-size: 110%; \" >6\u00e8me rencontre r\u00e9gionale de bloc 2016<\/p><p class=\"location\" >At Saint-Antonin Noble Val<\/p><p class=\"readmore\"><a href=\"https:\/\/www.les3mousquetons.net\/?event=rencontres-bloc-a-saint-antonin-noble-val\">Lire la suite ...<\/a><\/p><div style=\"clear:both\"><\/div><\/div><\/div>\r\n<h2>Mai 2016<\/h2><div class=\"qem non-classe\"><div class=\"qem-icon\"><div class=\"qem-calendar-medium\" style=\"margin:0 7px 0 0;\"><span class=\"day\" >sam<br>28<\/span><span class=\"nonday\" ><span class=\"month\"><em>Mai<\/em><\/span><span class=\"year\">2016<\/span><\/span><\/div><\/div><div class=\"qem-medium\"><h2 class=\"qem_title\"><a href=\"https:\/\/www.les3mousquetons.net\/?event=get-saint-mamet-2\">GET - Saint-Mamet<\/a><\/h2><p class=\"desc\" style=\"font-size: 110%; \" >5\u00e8me \u00e9tape du GET (Garonne Escalade Troph\u00e9e)<\/p><p class=\"location\" >At Saint-Mamet<\/p><p class=\"readmore\"><a href=\"https:\/\/www.les3mousquetons.net\/?event=get-saint-mamet-2\">Lire la suite ...<\/a><\/p><div style=\"clear:both\"><\/div><\/div><\/div>\r\n<div class=\"qem non-classe\"><div class=\"qem-icon\"><div class=\"qem-calendar-medium\" style=\"margin:0 7px 0 0;\"><span class=\"day\" >sam<br>28<\/span><span class=\"nonday\" ><span class=\"month\"><em>Mai<\/em><\/span><span class=\"year\">2016<\/span><\/span><\/div><\/div><div class=\"qem-medium\"><h2 class=\"qem_title\"><a href=\"https:\/\/www.les3mousquetons.net\/?event=championnat-de-france-de-difficulte-a-arnas\">Championnat de France de difficult\u00e9 \u00e0 Arnas<\/a><\/h2><p class=\"desc\" style=\"font-size: 110%; \" >Nous conna\u00eetrons les nomin\u00e9s suite aux r\u00e9sultats du championnat R\u00e9gional \u00e0 Belcaire<\/p><p class=\"readmore\"><a href=\"https:\/\/www.les3mousquetons.net\/?event=championnat-de-france-de-difficulte-a-arnas\">Lire la suite ...<\/a><\/p><div style=\"clear:both\"><\/div><\/div><\/div>\r\n<div class=\"qem non-classe\"><div class=\"qem-icon\"><div class=\"qem-calendar-medium\" style=\"margin:0 7px 0 0;\"><span class=\"day\" >sam<br>14<\/span><span class=\"nonday\" ><span class=\"month\"><em>Mai<\/em><\/span><span class=\"year\">2016<\/span><\/span><\/div><\/div><div class=\"qem-medium\"><h2 class=\"qem_title\"><a href=\"https:\/\/www.les3mousquetons.net\/?event=4ieme-etape-des-top-des-ptits-grimpeurs-a-tarbes\">4i\u00e8me \u00e9tape des Top des P'tits Grimpeurs \u00e0 Tarbes<\/a><\/h2><p class=\"desc\" style=\"font-size: 110%; \" >Pour les cat\u00e9gories poussins \u00e0 minimes - Le mur de Tarbes est vraiment \u00e0 d\u00e9couvrir !<\/p><p class=\"readmore\"><a href=\"https:\/\/www.les3mousquetons.net\/?event=4ieme-etape-des-top-des-ptits-grimpeurs-a-tarbes\">Lire la suite ...<\/a><\/p><div style=\"clear:both\"><\/div><\/div><\/div>\r\n<div class=\"qem non-classe\"><div class=\"qem-icon\"><div class=\"qem-calendar-medium\" style=\"margin:0 7px 0 0;\"><span class=\"day\" >sam<br>14<\/span><span class=\"nonday\" ><span class=\"month\"><em>Mai<\/em><\/span><span class=\"year\">2016<\/span><\/span><\/div><\/div><div class=\"qem-medium\"><h2 class=\"qem_title\"><a href=\"https:\/\/www.les3mousquetons.net\/?event=5ieme-etape-de-coupe-de-france-a-quimper\">5i\u00e8me \u00e9tape de la Coupe de France de difficult\u00e9 \u00e0 Quimper<\/a><\/h2><p class=\"readmore\"><a href=\"https:\/\/www.les3mousquetons.net\/?event=5ieme-etape-de-coupe-de-france-a-quimper\">Lire la suite ...<\/a><\/p><div style=\"clear:both\"><\/div><\/div><\/div>\r\n<div class=\"qem non-classe\"><div class=\"qem-icon\"><div class=\"qem-calendar-medium\" style=\"margin:0 7px 0 0;\"><span class=\"day\" >sam<br>14<\/span><span class=\"nonday\" ><span class=\"month\"><em>Mai<\/em><\/span><span class=\"year\">2016<\/span><\/span><\/div><\/div><div class=\"qem-medium\"><h2 class=\"qem_title\"><a href=\"https:\/\/www.les3mousquetons.net\/?event=2ieme-sortie-falaise\">2i\u00e8me sortie falaise<\/a><\/h2><p class=\"readmore\"><a href=\"https:\/\/www.les3mousquetons.net\/?event=2ieme-sortie-falaise\">Lire la suite ...<\/a><\/p><div style=\"clear:both\"><\/div><\/div><\/div>\r\n<div class=\"qem non-classe\"><div class=\"qem-icon\"><div class=\"qem-calendar-medium\" style=\"margin:0 7px 0 0;\"><span class=\"day\" >sam<br>07<\/span><span class=\"nonday\" ><span class=\"month\"><em>Mai<\/em><\/span><span class=\"year\">2016<\/span><\/span><\/div><\/div><div class=\"qem-medium\"><h2 class=\"qem_title\"><a href=\"https:\/\/www.les3mousquetons.net\/?event=championnat-regional-de-difficulte\">Championnat r\u00e9gional de difficult\u00e9 \u00e0 Belcaire<\/a><\/h2><p class=\"desc\" style=\"font-size: 110%; \" >Qualificatif pour le championnat national pour les cat\u00e9gories minimes \u00e0 juniors <\/p><p class=\"readmore\"><a href=\"https:\/\/www.les3mousquetons.net\/?event=championnat-regional-de-difficulte\">Lire la suite ...<\/a><\/p><div style=\"clear:both\"><\/div><\/div><\/div>\r\n<h2>Avr 2016<\/h2><div class=\"qem non-classe\"><div class=\"qem-icon\"><div class=\"qem-calendar-medium\" style=\"margin:0 7px 0 0;\"><span class=\"day\" >sam<br>30<\/span><span class=\"nonday\" ><span class=\"month\"><em>Avr<\/em><\/span><span class=\"year\">2016<\/span><\/span><\/div><\/div><div class=\"qem-medium\"><h2 class=\"qem_title\"><a href=\"https:\/\/www.les3mousquetons.net\/?event=get-labroquere\">GET - Labroqu\u00e8re<\/a><\/h2><p class=\"location\" >At Labroqu\u00e8re<\/p><p class=\"readmore\"><a href=\"https:\/\/www.les3mousquetons.net\/?event=get-labroquere\">Lire la suite ...<\/a><\/p><div style=\"clear:both\"><\/div><\/div><\/div>\r\n<div class=\"qem non-classe\"><div class=\"qem-icon\"><div class=\"qem-calendar-medium\" style=\"margin:0 7px 0 0;\"><span class=\"day\" >sam<br>30<\/span><span class=\"nonday\" ><span class=\"month\"><em>Avr<\/em><\/span><span class=\"year\">2016<\/span><\/span><\/div><\/div><div class=\"qem-medium\"><h2 class=\"qem_title\"><a href=\"https:\/\/www.les3mousquetons.net\/?event=get-a-labroquere-et-4ieme-etape-de-coupe-de-france-de-difficulte\">4i\u00e8me \u00e9tape de Coupe de France de difficult\u00e9 \u00e0 Valence<\/a><\/h2><p class=\"readmore\"><a href=\"https:\/\/www.les3mousquetons.net\/?event=get-a-labroquere-et-4ieme-etape-de-coupe-de-france-de-difficulte\">Lire la suite ...<\/a><\/p><div style=\"clear:both\"><\/div><\/div><\/div>\r\n<div class=\"qem non-classe\"><div class=\"qem-icon\"><div class=\"qem-calendar-medium\" style=\"margin:0 7px 0 0;\"><span class=\"day\" >sam<br>16<\/span><span class=\"nonday\" ><span class=\"month\"><em>Avr<\/em><\/span><span class=\"year\">2016<\/span><\/span><\/div><\/div><div class=\"qem-medium\"><h2 class=\"qem_title\"><a href=\"https:\/\/www.les3mousquetons.net\/?event=top-petits-grimpeurs-a-nantes\">TOP des petits grimpeurs \u00e0 Nantes<\/a><\/h2><p class=\"desc\" style=\"font-size: 110%; \" >Pour les poussins - benjamins et minimes<\/p><p class=\"readmore\"><a href=\"https:\/\/www.les3mousquetons.net\/?event=top-petits-grimpeurs-a-nantes\">Lire la suite ...<\/a><\/p><div style=\"clear:both\"><\/div><\/div><\/div>\r\n<div class=\"qem non-classe\"><div class=\"qem-icon\"><div class=\"qem-calendar-medium\" style=\"margin:0 7px 0 0;\"><span class=\"day\" >sam<br>16<\/span><span class=\"nonday\" ><span class=\"month\"><em>Avr<\/em><\/span><span class=\"year\">2016<\/span><\/span><\/div><\/div><div class=\"qem-medium\"><h2 class=\"qem_title\"><a href=\"https:\/\/www.les3mousquetons.net\/?event=dates-des-sorties-falaises\">1i\u00e8re sortie falaise \u00e0 Saint-Antonin Noble-Val - ANNULEE<\/a><\/h2><p class=\"desc\" style=\"font-size: 110%; \" >1Iere sortie falaise \u00e0 Saint-Antonin<\/p><p class=\"readmore\"><a href=\"https:\/\/www.les3mousquetons.net\/?event=dates-des-sorties-falaises\">Lire la suite ...<\/a><\/p><div style=\"clear:both\"><\/div><\/div><\/div>\r\n\n\n\n<p><\/p>\n","protected":false},"excerpt":{"rendered":"","protected":false},"author":2,"featured_media":0,"parent":3497,"menu_order":2,"comment_status":"open","ping_status":"open","template":"","meta":{"neve_meta_sidebar":"","neve_meta_container":"","neve_meta_enable_content_width":"on","neve_meta_content_width":85,"neve_meta_title_alignment":"","neve_meta_author_avatar":"","neve_post_elements_order":"","neve_meta_disable_header":"","neve_meta_disable_footer":"","neve_meta_disable_title":"","_themeisle_gutenberg_block_has_review":false,"_ti_tpc_template_sync":false,"_ti_tpc_template_id":"","cybocfi_hide_featured_image":"","footnotes":""},"_links":{"self":[{"href":"https:\/\/www.les3mousquetons.net\/index.php?rest_route=\/wp\/v2\/pages\/43"}],"collection":[{"href":"https:\/\/www.les3mousquetons.net\/index.php?rest_route=\/wp\/v2\/pages"}],"about":[{"href":"https:\/\/www.les3mousquetons.net\/index.php?rest_route=\/wp\/v2\/types\/page"}],"author":[{"embeddable":true,"href":"https:\/\/www.les3mousquetons.net\/index.php?rest_route=\/wp\/v2\/users\/2"}],"replies":[{"embeddable":true,"href":"https:\/\/www.les3mousquetons.net\/index.php?rest_route=%2Fwp%2Fv2%2Fcomments&post=43"}],"version-history":[{"count":14,"href":"https:\/\/www.les3mousquetons.net\/index.php?rest_route=\/wp\/v2\/pages\/43\/revisions"}],"predecessor-version":[{"id":4858,"href":"https:\/\/www.les3mousquetons.net\/index.php?rest_route=\/wp\/v2\/pages\/43\/revisions\/4858"}],"up":[{"embeddable":true,"href":"https:\/\/www.les3mousquetons.net\/index.php?rest_route=\/wp\/v2\/pages\/3497"}],"wp:attachment":[{"href":"https:\/\/www.les3mousquetons.net\/index.php?rest_route=%2Fwp%2Fv2%2Fmedia&parent=43"}],"curies":[{"name":"wp","href":"https:\/\/api.w.org\/{rel}","templated":true}]}}